{"id":3091,"date":"2017-01-22T10:43:31","date_gmt":"2017-01-22T08:43:31","guid":{"rendered":"http:\/\/www.clairmarais.net\/wordpress\/?page_id=3091"},"modified":"2026-03-24T19:53:40","modified_gmt":"2026-03-24T18:53:40","slug":"equipe","status":"publish","type":"page","link":"http:\/\/www.clairmarais.net\/wordpress\/notre-village\/equipe\/","title":{"rendered":"Equipe Municipale"},"content":{"rendered":"\n<h1 class=\"wp-block-heading\">Vos \u00e9lus<\/h1>\n\n\n<div id=\"envira-gallery-wrap-7190\" class=\"envira-gallery-wrap envira-gallery-theme-base envira-lightbox-theme-base\" itemscope itemtype=\"https:\/\/schema.org\/ImageGallery\"><div data-row-height=\"150\" data-gallery-theme=\"normal\" id=\"envira-gallery-7190\" class=\"envira-gallery-public envira-gallery-justified-public envira-gallery-0-columns envira-clear enviratope envira-gallery-css-animations\" data-envira-columns=\"0\"><div id=\"envira-gallery-item-7184\" class=\"envira-gallery-item enviratope-item envira-gallery-item-1 envira-lazy-load\" style=\"padding-left: 5px; padding-bottom: 10px; padding-right: 5px;\"  itemscope itemtype=\"https:\/\/schema.org\/ImageObject\"><div class=\"envira-gallery-item-inner\"><div class=\"envira-gallery-position-overlay  envira-gallery-top-left\"><\/div><div class=\"envira-gallery-position-overlay  envira-gallery-top-right\"><\/div><div class=\"envira-gallery-position-overlay  envira-gallery-bottom-left\"><\/div><div class=\"envira-gallery-position-overlay  envira-gallery-bottom-right\"><\/div><a href=\"http:\/\/www.clairmarais.net\/wordpress\/wp-content\/2026\/03\/damien-recadre.png\" class=\"envira-gallery-7190 envira-gallery-link\" rel=\"enviragallery7190\" title=\"Damien Morel, maire\" data-envira-caption=\"Damien Morel, maire\" data-envira-retina=\"\" data-thumbnail=\"\"  itemprop=\"contentUrl\"><img decoding=\"async\" id=\"envira-gallery-image-7184\" class=\"envira-gallery-image envira-gallery-image-1 envira-normal envira-lazy\" data-envira-index=\"1\" src=\"http:\/\/www.clairmarais.net\/wordpress\/wp-content\/2026\/03\/damien-recadre-784x1024-640x480.png\" data-envira-src=\"http:\/\/www.clairmarais.net\/wordpress\/wp-content\/2026\/03\/damien-recadre-784x1024-640x480.png\" data-envira-gallery-id=\"7190\" data-envira-item-id=\"7184\" data-envira-caption=\"Damien Morel, maire\" alt=\"\" title=\"Damien Morel, maire\"  itemprop=\"thumbnailUrl\" data-envira-srcset=\"http:\/\/www.clairmarais.net\/wordpress\/wp-content\/2026\/03\/damien-recadre-784x1024-640x480.png 400w,http:\/\/www.clairmarais.net\/wordpress\/wp-content\/2026\/03\/damien-recadre-784x1024-640x480.png 2x\" data-envira-width=\"230\" data-envira-height=\"300\" srcset=\"data:image\/gif;base64,R0lGODlhAQABAIAAAP\/\/\/\/\/\/\/yH5BAEKAAEALAAAAAABAAEAAAICTAEAOw==\" data-safe-src=\"data:image\/gif;base64,R0lGODlhAQABAIAAAP\/\/\/\/\/\/\/yH5BAEKAAEALAAAAAABAAEAAAICTAEAOw==\" \/><\/a><\/div><\/div><div id=\"envira-gallery-item-7183\" class=\"envira-gallery-item enviratope-item envira-gallery-item-2 envira-lazy-load\" style=\"padding-left: 5px; padding-bottom: 10px; padding-right: 5px;\"  itemscope itemtype=\"https:\/\/schema.org\/ImageObject\"><div class=\"envira-gallery-item-inner\"><div class=\"envira-gallery-position-overlay  envira-gallery-top-left\"><\/div><div class=\"envira-gallery-position-overlay  envira-gallery-top-right\"><\/div><div class=\"envira-gallery-position-overlay  envira-gallery-bottom-left\"><\/div><div class=\"envira-gallery-position-overlay  envira-gallery-bottom-right\"><\/div><a href=\"http:\/\/www.clairmarais.net\/wordpress\/wp-content\/2026\/03\/francis-recadre.png\" class=\"envira-gallery-7190 envira-gallery-link\" rel=\"enviragallery7190\" title=\"Francis Flajolet, premier maire adjoint, d&eacute;l&eacute;gu&eacute; au Vivre ensemble : jeunesse, seniors et solidarit&eacute;s\" data-envira-caption=\"Francis Flajolet, premier maire adjoint, d&eacute;l&eacute;gu&eacute; au Vivre ensemble : jeunesse, seniors et solidarit&eacute;s\" data-envira-retina=\"\" data-thumbnail=\"\"  itemprop=\"contentUrl\"><img decoding=\"async\" id=\"envira-gallery-image-7183\" class=\"envira-gallery-image envira-gallery-image-2 envira-normal envira-lazy\" data-envira-index=\"2\" src=\"http:\/\/www.clairmarais.net\/wordpress\/wp-content\/2026\/03\/francis-recadre-640x480.png\" data-envira-src=\"http:\/\/www.clairmarais.net\/wordpress\/wp-content\/2026\/03\/francis-recadre-640x480.png\" data-envira-gallery-id=\"7190\" data-envira-item-id=\"7183\" data-envira-caption=\"Francis Flajolet, premier maire adjoint, d&eacute;l&eacute;gu&eacute; au Vivre ensemble : jeunesse, seniors et solidarit&eacute;s\" alt=\"\" title=\"Francis Flajolet, premier maire adjoint, d\u00e9l\u00e9gu\u00e9 au Vivre ensemble : jeunesse, seniors et solidarit\u00e9s\"  itemprop=\"thumbnailUrl\" data-envira-srcset=\"http:\/\/www.clairmarais.net\/wordpress\/wp-content\/2026\/03\/francis-recadre-640x480.png 400w,http:\/\/www.clairmarais.net\/wordpress\/wp-content\/2026\/03\/francis-recadre-640x480.png 2x\" data-envira-width=\"241\" data-envira-height=\"300\" srcset=\"data:image\/gif;base64,R0lGODlhAQABAIAAAP\/\/\/\/\/\/\/yH5BAEKAAEALAAAAAABAAEAAAICTAEAOw==\" data-safe-src=\"data:image\/gif;base64,R0lGODlhAQABAIAAAP\/\/\/\/\/\/\/yH5BAEKAAEALAAAAAABAAEAAAICTAEAOw==\" \/><\/a><\/div><\/div><div id=\"envira-gallery-item-7191\" class=\"envira-gallery-item enviratope-item envira-gallery-item-3 envira-lazy-load\" style=\"padding-left: 5px; padding-bottom: 10px; padding-right: 5px;\"  itemscope itemtype=\"https:\/\/schema.org\/ImageObject\"><div class=\"envira-gallery-item-inner\"><div class=\"envira-gallery-position-overlay  envira-gallery-top-left\"><\/div><div class=\"envira-gallery-position-overlay  envira-gallery-top-right\"><\/div><div class=\"envira-gallery-position-overlay  envira-gallery-bottom-left\"><\/div><div class=\"envira-gallery-position-overlay  envira-gallery-bottom-right\"><\/div><a href=\"http:\/\/www.clairmarais.net\/wordpress\/wp-content\/2026\/03\/Veronique-scaled.png\" class=\"envira-gallery-7190 envira-gallery-link\" rel=\"enviragallery7190\" title=\"V&eacute;ronique Ruckebusch, deuxi&egrave;me maire adjointe, d&eacute;l&eacute;gu&eacute;e aux dynamiques sportives, culturelles et associatives\" data-envira-caption=\"V&eacute;ronique Ruckebusch, deuxi&egrave;me maire adjointe, d&eacute;l&eacute;gu&eacute;e aux dynamiques sportives, culturelles et associatives\" data-envira-retina=\"\" data-thumbnail=\"\"  itemprop=\"contentUrl\"><img decoding=\"async\" id=\"envira-gallery-image-7191\" class=\"envira-gallery-image envira-gallery-image-3 envira-normal envira-lazy\" data-envira-index=\"3\" src=\"http:\/\/www.clairmarais.net\/wordpress\/wp-content\/2026\/03\/Veronique-768x1024-640x480.png\" data-envira-src=\"http:\/\/www.clairmarais.net\/wordpress\/wp-content\/2026\/03\/Veronique-768x1024-640x480.png\" data-envira-gallery-id=\"7190\" data-envira-item-id=\"7191\" data-envira-caption=\"V&eacute;ronique Ruckebusch, deuxi&egrave;me maire adjointe, d&eacute;l&eacute;gu&eacute;e aux dynamiques sportives, culturelles et associatives\" alt=\"\" title=\"V\u00e9ronique Ruckebusch, deuxi\u00e8me maire adjointe, d\u00e9l\u00e9gu\u00e9e aux dynamiques sportives, culturelles et associatives\"  itemprop=\"thumbnailUrl\" data-envira-srcset=\"http:\/\/www.clairmarais.net\/wordpress\/wp-content\/2026\/03\/Veronique-768x1024-640x480.png 400w,http:\/\/www.clairmarais.net\/wordpress\/wp-content\/2026\/03\/Veronique-768x1024-640x480.png 2x\" data-envira-width=\"225\" data-envira-height=\"300\" srcset=\"data:image\/gif;base64,R0lGODlhAQABAIAAAP\/\/\/\/\/\/\/yH5BAEKAAEALAAAAAABAAEAAAICTAEAOw==\" data-safe-src=\"data:image\/gif;base64,R0lGODlhAQABAIAAAP\/\/\/\/\/\/\/yH5BAEKAAEALAAAAAABAAEAAAICTAEAOw==\" \/><\/a><\/div><\/div><div id=\"envira-gallery-item-7187\" class=\"envira-gallery-item enviratope-item envira-gallery-item-4 envira-lazy-load\" style=\"padding-left: 5px; padding-bottom: 10px; padding-right: 5px;\"  itemscope itemtype=\"https:\/\/schema.org\/ImageObject\"><div class=\"envira-gallery-item-inner\"><div class=\"envira-gallery-position-overlay  envira-gallery-top-left\"><\/div><div class=\"envira-gallery-position-overlay  envira-gallery-top-right\"><\/div><div class=\"envira-gallery-position-overlay  envira-gallery-bottom-left\"><\/div><div class=\"envira-gallery-position-overlay  envira-gallery-bottom-right\"><\/div><a href=\"http:\/\/www.clairmarais.net\/wordpress\/wp-content\/2026\/03\/Casimir-scaled.jpg\" class=\"envira-gallery-7190 envira-gallery-link\" rel=\"enviragallery7190\" title=\"Casimir Letellier, troisi&egrave;me maire adjoint, d&eacute;l&eacute;gu&eacute; &agrave; l&rsquo;Am&eacute;nagement du Territoire et au Cadre de Vie\" data-envira-caption=\"Casimir Letellier, troisi&egrave;me maire adjoint, d&eacute;l&eacute;gu&eacute; &agrave; l&rsquo;Am&eacute;nagement du Territoire et au Cadre de Vie\" data-envira-retina=\"\" data-thumbnail=\"\"  itemprop=\"contentUrl\"><img decoding=\"async\" id=\"envira-gallery-image-7187\" class=\"envira-gallery-image envira-gallery-image-4 envira-normal envira-lazy\" data-envira-index=\"4\" src=\"http:\/\/www.clairmarais.net\/wordpress\/wp-content\/2026\/03\/Casimir-837x1024-640x480.jpg\" data-envira-src=\"http:\/\/www.clairmarais.net\/wordpress\/wp-content\/2026\/03\/Casimir-837x1024-640x480.jpg\" data-envira-gallery-id=\"7190\" data-envira-item-id=\"7187\" data-envira-caption=\"Casimir Letellier, troisi&egrave;me maire adjoint, d&eacute;l&eacute;gu&eacute; &agrave; l&rsquo;Am&eacute;nagement du Territoire et au Cadre de Vie\" alt=\"\" title=\"Casimir Letellier, troisi\u00e8me maire adjoint, d\u00e9l\u00e9gu\u00e9 \u00e0 l\u2019Am\u00e9nagement du Territoire et au Cadre de Vie\"  itemprop=\"thumbnailUrl\" data-envira-srcset=\"http:\/\/www.clairmarais.net\/wordpress\/wp-content\/2026\/03\/Casimir-837x1024-640x480.jpg 400w,http:\/\/www.clairmarais.net\/wordpress\/wp-content\/2026\/03\/Casimir-837x1024-640x480.jpg 2x\" data-envira-width=\"245\" data-envira-height=\"300\" srcset=\"data:image\/gif;base64,R0lGODlhAQABAIAAAP\/\/\/\/\/\/\/yH5BAEKAAEALAAAAAABAAEAAAICTAEAOw==\" data-safe-src=\"data:image\/gif;base64,R0lGODlhAQABAIAAAP\/\/\/\/\/\/\/yH5BAEKAAEALAAAAAABAAEAAAICTAEAOw==\" \/><\/a><\/div><\/div><div id=\"envira-gallery-item-7181\" class=\"envira-gallery-item enviratope-item envira-gallery-item-5 envira-lazy-load\" style=\"padding-left: 5px; padding-bottom: 10px; padding-right: 5px;\"  itemscope itemtype=\"https:\/\/schema.org\/ImageObject\"><div class=\"envira-gallery-item-inner\"><div class=\"envira-gallery-position-overlay  envira-gallery-top-left\"><\/div><div class=\"envira-gallery-position-overlay  envira-gallery-top-right\"><\/div><div class=\"envira-gallery-position-overlay  envira-gallery-bottom-left\"><\/div><div class=\"envira-gallery-position-overlay  envira-gallery-bottom-right\"><\/div><a href=\"http:\/\/www.clairmarais.net\/wordpress\/wp-content\/2026\/03\/Nadine.png\" class=\"envira-gallery-7190 envira-gallery-link\" rel=\"enviragallery7190\" title=\"Nadine De Sainte Maresville, conseill&egrave;re municipale d&eacute;l&eacute;gu&eacute;e &agrave; la tranquillit&eacute; publique, &agrave; la propret&eacute; et &agrave; la citoyennet&eacute;\" data-envira-caption=\"Nadine De Sainte Maresville, conseill&egrave;re municipale d&eacute;l&eacute;gu&eacute;e &agrave; la tranquillit&eacute; publique, &agrave; la propret&eacute; et &agrave; la citoyennet&eacute;\" data-envira-retina=\"\" data-thumbnail=\"\"  itemprop=\"contentUrl\"><img decoding=\"async\" id=\"envira-gallery-image-7181\" class=\"envira-gallery-image envira-gallery-image-5 envira-normal envira-lazy\" data-envira-index=\"5\" src=\"http:\/\/www.clairmarais.net\/wordpress\/wp-content\/2026\/03\/Nadine-752x1024-640x480.png\" data-envira-src=\"http:\/\/www.clairmarais.net\/wordpress\/wp-content\/2026\/03\/Nadine-752x1024-640x480.png\" data-envira-gallery-id=\"7190\" data-envira-item-id=\"7181\" data-envira-caption=\"Nadine De Sainte Maresville, conseill&egrave;re municipale d&eacute;l&eacute;gu&eacute;e &agrave; la tranquillit&eacute; publique, &agrave; la propret&eacute; et &agrave; la citoyennet&eacute;\" alt=\"\" title=\"Nadine De Sainte Maresville, conseill\u00e8re municipale d\u00e9l\u00e9gu\u00e9e \u00e0 la tranquillit\u00e9 publique, \u00e0 la propret\u00e9 et \u00e0 la citoyennet\u00e9\"  itemprop=\"thumbnailUrl\" data-envira-srcset=\"http:\/\/www.clairmarais.net\/wordpress\/wp-content\/2026\/03\/Nadine-752x1024-640x480.png 400w,http:\/\/www.clairmarais.net\/wordpress\/wp-content\/2026\/03\/Nadine-752x1024-640x480.png 2x\" data-envira-width=\"220\" data-envira-height=\"300\" srcset=\"data:image\/gif;base64,R0lGODlhAQABAIAAAP\/\/\/\/\/\/\/yH5BAEKAAEALAAAAAABAAEAAAICTAEAOw==\" data-safe-src=\"data:image\/gif;base64,R0lGODlhAQABAIAAAP\/\/\/\/\/\/\/yH5BAEKAAEALAAAAAABAAEAAAICTAEAOw==\" \/><\/a><\/div><\/div><div id=\"envira-gallery-item-7180\" class=\"envira-gallery-item enviratope-item envira-gallery-item-6 envira-lazy-load\" style=\"padding-left: 5px; padding-bottom: 10px; padding-right: 5px;\"  itemscope itemtype=\"https:\/\/schema.org\/ImageObject\"><div class=\"envira-gallery-item-inner\"><div class=\"envira-gallery-position-overlay  envira-gallery-top-left\"><\/div><div class=\"envira-gallery-position-overlay  envira-gallery-top-right\"><\/div><div class=\"envira-gallery-position-overlay  envira-gallery-bottom-left\"><\/div><div class=\"envira-gallery-position-overlay  envira-gallery-bottom-right\"><\/div><a href=\"http:\/\/www.clairmarais.net\/wordpress\/wp-content\/2026\/03\/Patrick-scaled.jpg\" class=\"envira-gallery-7190 envira-gallery-link\" rel=\"enviragallery7190\" title=\"Patrick Pr&eacute;vost, conseiller municipal d&eacute;l&eacute;gu&eacute; &agrave; l&rsquo;embellissement de la commune et &agrave; la gestion des espaces verts communaux\" data-envira-caption=\"Patrick Pr&eacute;vost, conseiller municipal d&eacute;l&eacute;gu&eacute; &agrave; l&rsquo;embellissement de la commune et &agrave; la gestion des espaces verts communaux\" data-envira-retina=\"\" data-thumbnail=\"\"  itemprop=\"contentUrl\"><img decoding=\"async\" id=\"envira-gallery-image-7180\" class=\"envira-gallery-image envira-gallery-image-6 envira-normal envira-lazy\" data-envira-index=\"6\" src=\"http:\/\/www.clairmarais.net\/wordpress\/wp-content\/2026\/03\/Patrick-576x1024-640x480.jpg\" data-envira-src=\"http:\/\/www.clairmarais.net\/wordpress\/wp-content\/2026\/03\/Patrick-576x1024-640x480.jpg\" data-envira-gallery-id=\"7190\" data-envira-item-id=\"7180\" data-envira-caption=\"Patrick Pr&eacute;vost, conseiller municipal d&eacute;l&eacute;gu&eacute; &agrave; l&rsquo;embellissement de la commune et &agrave; la gestion des espaces verts communaux\" alt=\"\" title=\"Patrick Pr\u00e9vost, conseiller municipal d\u00e9l\u00e9gu\u00e9 \u00e0 l\u2019embellissement de la commune et \u00e0 la gestion des espaces verts communaux\"  itemprop=\"thumbnailUrl\" data-envira-srcset=\"http:\/\/www.clairmarais.net\/wordpress\/wp-content\/2026\/03\/Patrick-576x1024-640x480.jpg 400w,http:\/\/www.clairmarais.net\/wordpress\/wp-content\/2026\/03\/Patrick-576x1024-640x480.jpg 2x\" data-envira-width=\"169\" data-envira-height=\"300\" srcset=\"data:image\/gif;base64,R0lGODlhAQABAIAAAP\/\/\/\/\/\/\/yH5BAEKAAEALAAAAAABAAEAAAICTAEAOw==\" data-safe-src=\"data:image\/gif;base64,R0lGODlhAQABAIAAAP\/\/\/\/\/\/\/yH5BAEKAAEALAAAAAABAAEAAAICTAEAOw==\" \/><\/a><\/div><\/div><div id=\"envira-gallery-item-7185\" class=\"envira-gallery-item enviratope-item envira-gallery-item-7 envira-lazy-load\" style=\"padding-left: 5px; padding-bottom: 10px; padding-right: 5px;\"  itemscope itemtype=\"https:\/\/schema.org\/ImageObject\"><div class=\"envira-gallery-item-inner\"><div class=\"envira-gallery-position-overlay  envira-gallery-top-left\"><\/div><div class=\"envira-gallery-position-overlay  envira-gallery-top-right\"><\/div><div class=\"envira-gallery-position-overlay  envira-gallery-bottom-left\"><\/div><div class=\"envira-gallery-position-overlay  envira-gallery-bottom-right\"><\/div><a href=\"http:\/\/www.clairmarais.net\/wordpress\/wp-content\/2026\/03\/corinne.jpg\" class=\"envira-gallery-7190 envira-gallery-link\" rel=\"enviragallery7190\" title=\"Corinne Helleboid, conseill&egrave;re municipale d&eacute;l&eacute;gu&eacute;e en charge de l&rsquo;accueil des nouveaux arrivants et de la vie des quartiers\" data-envira-caption=\"Corinne Helleboid, conseill&egrave;re municipale d&eacute;l&eacute;gu&eacute;e en charge de l&rsquo;accueil des nouveaux arrivants et de la vie des quartiers\" data-envira-retina=\"\" data-thumbnail=\"\"  itemprop=\"contentUrl\"><img decoding=\"async\" id=\"envira-gallery-image-7185\" class=\"envira-gallery-image envira-gallery-image-7 envira-normal envira-lazy\" data-envira-index=\"7\" src=\"http:\/\/www.clairmarais.net\/wordpress\/wp-content\/2026\/03\/corinne-771x1024-640x480.jpg\" data-envira-src=\"http:\/\/www.clairmarais.net\/wordpress\/wp-content\/2026\/03\/corinne-771x1024-640x480.jpg\" data-envira-gallery-id=\"7190\" data-envira-item-id=\"7185\" data-envira-caption=\"Corinne Helleboid, conseill&egrave;re municipale d&eacute;l&eacute;gu&eacute;e en charge de l&rsquo;accueil des nouveaux arrivants et de la vie des quartiers\" alt=\"\" title=\"Corinne Helleboid, conseill\u00e8re municipale d\u00e9l\u00e9gu\u00e9e en charge de l\u2019accueil des nouveaux arrivants et de la vie des quartiers\"  itemprop=\"thumbnailUrl\" data-envira-srcset=\"http:\/\/www.clairmarais.net\/wordpress\/wp-content\/2026\/03\/corinne-771x1024-640x480.jpg 400w,http:\/\/www.clairmarais.net\/wordpress\/wp-content\/2026\/03\/corinne-771x1024-640x480.jpg 2x\" data-envira-width=\"226\" data-envira-height=\"300\" srcset=\"data:image\/gif;base64,R0lGODlhAQABAIAAAP\/\/\/\/\/\/\/yH5BAEKAAEALAAAAAABAAEAAAICTAEAOw==\" data-safe-src=\"data:image\/gif;base64,R0lGODlhAQABAIAAAP\/\/\/\/\/\/\/yH5BAEKAAEALAAAAAABAAEAAAICTAEAOw==\" \/><\/a><\/div><\/div><div id=\"envira-gallery-item-7186\" class=\"envira-gallery-item enviratope-item envira-gallery-item-8 envira-lazy-load\" style=\"padding-left: 5px; padding-bottom: 10px; padding-right: 5px;\"  itemscope itemtype=\"https:\/\/schema.org\/ImageObject\"><div class=\"envira-gallery-item-inner\"><div class=\"envira-gallery-position-overlay  envira-gallery-top-left\"><\/div><div class=\"envira-gallery-position-overlay  envira-gallery-top-right\"><\/div><div class=\"envira-gallery-position-overlay  envira-gallery-bottom-left\"><\/div><div class=\"envira-gallery-position-overlay  envira-gallery-bottom-right\"><\/div><a href=\"http:\/\/www.clairmarais.net\/wordpress\/wp-content\/2026\/03\/Christine.jpg\" class=\"envira-gallery-7190 envira-gallery-link\" rel=\"enviragallery7190\" title=\"Christine Tavernier Trach&eacute;, conseill&egrave;re municipale d&eacute;l&eacute;gu&eacute;e en charge des f&ecirc;tes et c&eacute;r&eacute;monies\" data-envira-caption=\"Christine Tavernier Trach&eacute;, conseill&egrave;re municipale d&eacute;l&eacute;gu&eacute;e en charge des f&ecirc;tes et c&eacute;r&eacute;monies\" data-envira-retina=\"\" data-thumbnail=\"\"  itemprop=\"contentUrl\"><img decoding=\"async\" id=\"envira-gallery-image-7186\" class=\"envira-gallery-image envira-gallery-image-8 envira-normal envira-lazy\" data-envira-index=\"8\" src=\"http:\/\/www.clairmarais.net\/wordpress\/wp-content\/2026\/03\/Christine-461x1024-640x480.jpg\" data-envira-src=\"http:\/\/www.clairmarais.net\/wordpress\/wp-content\/2026\/03\/Christine-461x1024-640x480.jpg\" data-envira-gallery-id=\"7190\" data-envira-item-id=\"7186\" data-envira-caption=\"Christine Tavernier Trach&eacute;, conseill&egrave;re municipale d&eacute;l&eacute;gu&eacute;e en charge des f&ecirc;tes et c&eacute;r&eacute;monies\" alt=\"\" title=\"Christine Tavernier Trach\u00e9, conseill\u00e8re municipale d\u00e9l\u00e9gu\u00e9e en charge des f\u00eates et c\u00e9r\u00e9monies\"  itemprop=\"thumbnailUrl\" data-envira-srcset=\"http:\/\/www.clairmarais.net\/wordpress\/wp-content\/2026\/03\/Christine-461x1024-640x480.jpg 400w,http:\/\/www.clairmarais.net\/wordpress\/wp-content\/2026\/03\/Christine-461x1024-640x480.jpg 2x\" data-envira-width=\"135\" data-envira-height=\"300\" srcset=\"data:image\/gif;base64,R0lGODlhAQABAIAAAP\/\/\/\/\/\/\/yH5BAEKAAEALAAAAAABAAEAAAICTAEAOw==\" data-safe-src=\"data:image\/gif;base64,R0lGODlhAQABAIAAAP\/\/\/\/\/\/\/yH5BAEKAAEALAAAAAABAAEAAAICTAEAOw==\" \/><\/a><\/div><\/div><div id=\"envira-gallery-item-7178\" class=\"envira-gallery-item enviratope-item envira-gallery-item-9 envira-lazy-load\" style=\"padding-left: 5px; padding-bottom: 10px; padding-right: 5px;\"  itemscope itemtype=\"https:\/\/schema.org\/ImageObject\"><div class=\"envira-gallery-item-inner\"><div class=\"envira-gallery-position-overlay  envira-gallery-top-left\"><\/div><div class=\"envira-gallery-position-overlay  envira-gallery-top-right\"><\/div><div class=\"envira-gallery-position-overlay  envira-gallery-bottom-left\"><\/div><div class=\"envira-gallery-position-overlay  envira-gallery-bottom-right\"><\/div><a href=\"http:\/\/www.clairmarais.net\/wordpress\/wp-content\/2026\/03\/valerie.jpg\" class=\"envira-gallery-7190 envira-gallery-link\" rel=\"enviragallery7190\" title=\"Val&eacute;rie Lasagesse, conseill&egrave;re municipale d&eacute;l&eacute;gu&eacute;e &agrave; la pr&eacute;servation et &agrave; la valorisation du marais vivant\" data-envira-caption=\"Val&eacute;rie Lasagesse, conseill&egrave;re municipale d&eacute;l&eacute;gu&eacute;e &agrave; la pr&eacute;servation et &agrave; la valorisation du marais vivant\" data-envira-retina=\"\" data-thumbnail=\"\"  itemprop=\"contentUrl\"><img decoding=\"async\" id=\"envira-gallery-image-7178\" class=\"envira-gallery-image envira-gallery-image-9 envira-normal envira-lazy\" data-envira-index=\"9\" src=\"http:\/\/www.clairmarais.net\/wordpress\/wp-content\/2026\/03\/valerie-1024x948-640x480.jpg\" data-envira-src=\"http:\/\/www.clairmarais.net\/wordpress\/wp-content\/2026\/03\/valerie-1024x948-640x480.jpg\" data-envira-gallery-id=\"7190\" data-envira-item-id=\"7178\" data-envira-caption=\"Val&eacute;rie Lasagesse, conseill&egrave;re municipale d&eacute;l&eacute;gu&eacute;e &agrave; la pr&eacute;servation et &agrave; la valorisation du marais vivant\" alt=\"\" title=\"Val\u00e9rie Lasagesse, conseill\u00e8re municipale d\u00e9l\u00e9gu\u00e9e \u00e0 la pr\u00e9servation et \u00e0 la valorisation du marais vivant\"  itemprop=\"thumbnailUrl\" data-envira-srcset=\"http:\/\/www.clairmarais.net\/wordpress\/wp-content\/2026\/03\/valerie-1024x948-640x480.jpg 400w,http:\/\/www.clairmarais.net\/wordpress\/wp-content\/2026\/03\/valerie-1024x948-640x480.jpg 2x\" data-envira-width=\"300\" data-envira-height=\"278\" srcset=\"data:image\/gif;base64,R0lGODlhAQABAIAAAP\/\/\/\/\/\/\/yH5BAEKAAEALAAAAAABAAEAAAICTAEAOw==\" data-safe-src=\"data:image\/gif;base64,R0lGODlhAQABAIAAAP\/\/\/\/\/\/\/yH5BAEKAAEALAAAAAABAAEAAAICTAEAOw==\" \/><\/a><\/div><\/div><div id=\"envira-gallery-item-7182\" class=\"envira-gallery-item enviratope-item envira-gallery-item-10 envira-lazy-load\" style=\"padding-left: 5px; padding-bottom: 10px; padding-right: 5px;\"  itemscope itemtype=\"https:\/\/schema.org\/ImageObject\"><div class=\"envira-gallery-item-inner\"><div class=\"envira-gallery-position-overlay  envira-gallery-top-left\"><\/div><div class=\"envira-gallery-position-overlay  envira-gallery-top-right\"><\/div><div class=\"envira-gallery-position-overlay  envira-gallery-bottom-left\"><\/div><div class=\"envira-gallery-position-overlay  envira-gallery-bottom-right\"><\/div><a href=\"http:\/\/www.clairmarais.net\/wordpress\/wp-content\/2026\/03\/Jerome.png\" class=\"envira-gallery-7190 envira-gallery-link\" rel=\"enviragallery7190\" title=\"J&eacute;r&ocirc;me Courmont, conseiller municipal d&eacute;l&eacute;gu&eacute; en charge de la gestion des infrastructures communales\" data-envira-caption=\"J&eacute;r&ocirc;me Courmont, conseiller municipal d&eacute;l&eacute;gu&eacute; en charge de la gestion des infrastructures communales\" data-envira-retina=\"\" data-thumbnail=\"\"  itemprop=\"contentUrl\"><img decoding=\"async\" id=\"envira-gallery-image-7182\" class=\"envira-gallery-image envira-gallery-image-10 envira-normal envira-lazy\" data-envira-index=\"10\" src=\"http:\/\/www.clairmarais.net\/wordpress\/wp-content\/2026\/03\/Jerome-683x1024-640x480.png\" data-envira-src=\"http:\/\/www.clairmarais.net\/wordpress\/wp-content\/2026\/03\/Jerome-683x1024-640x480.png\" data-envira-gallery-id=\"7190\" data-envira-item-id=\"7182\" data-envira-caption=\"J&eacute;r&ocirc;me Courmont, conseiller municipal d&eacute;l&eacute;gu&eacute; en charge de la gestion des infrastructures communales\" alt=\"\" title=\"J\u00e9r\u00f4me Courmont, conseiller municipal d\u00e9l\u00e9gu\u00e9 en charge de la gestion des infrastructures communales\"  itemprop=\"thumbnailUrl\" data-envira-srcset=\"http:\/\/www.clairmarais.net\/wordpress\/wp-content\/2026\/03\/Jerome-683x1024-640x480.png 400w,http:\/\/www.clairmarais.net\/wordpress\/wp-content\/2026\/03\/Jerome-683x1024-640x480.png 2x\" data-envira-width=\"200\" data-envira-height=\"300\" srcset=\"data:image\/gif;base64,R0lGODlhAQABAIAAAP\/\/\/\/\/\/\/yH5BAEKAAEALAAAAAABAAEAAAICTAEAOw==\" data-safe-src=\"data:image\/gif;base64,R0lGODlhAQABAIAAAP\/\/\/\/\/\/\/yH5BAEKAAEALAAAAAABAAEAAAICTAEAOw==\" \/><\/a><\/div><\/div><div id=\"envira-gallery-item-7188\" class=\"envira-gallery-item enviratope-item envira-gallery-item-11 envira-lazy-load\" style=\"padding-left: 5px; padding-bottom: 10px; padding-right: 5px;\"  itemscope itemtype=\"https:\/\/schema.org\/ImageObject\"><div class=\"envira-gallery-item-inner\"><div class=\"envira-gallery-position-overlay  envira-gallery-top-left\"><\/div><div class=\"envira-gallery-position-overlay  envira-gallery-top-right\"><\/div><div class=\"envira-gallery-position-overlay  envira-gallery-bottom-left\"><\/div><div class=\"envira-gallery-position-overlay  envira-gallery-bottom-right\"><\/div><a href=\"http:\/\/www.clairmarais.net\/wordpress\/wp-content\/2026\/03\/Aurelie-Delaval.jpg\" class=\"envira-gallery-7190 envira-gallery-link\" rel=\"enviragallery7190\" title=\"Aur&eacute;lie Delaval, conseill&egrave;re municipale d&eacute;l&eacute;gu&eacute;e &agrave; l&rsquo;Environnement et &agrave; la Biodiversit&eacute;\" data-envira-caption=\"Aur&eacute;lie Delaval, conseill&egrave;re municipale d&eacute;l&eacute;gu&eacute;e &agrave; l&rsquo;Environnement et &agrave; la Biodiversit&eacute;\" data-envira-retina=\"\" data-thumbnail=\"\"  itemprop=\"contentUrl\"><img decoding=\"async\" id=\"envira-gallery-image-7188\" class=\"envira-gallery-image envira-gallery-image-11 envira-normal envira-lazy\" data-envira-index=\"11\" src=\"http:\/\/www.clairmarais.net\/wordpress\/wp-content\/2026\/03\/Aurelie-Delaval-660x1024-640x480.jpg\" data-envira-src=\"http:\/\/www.clairmarais.net\/wordpress\/wp-content\/2026\/03\/Aurelie-Delaval-660x1024-640x480.jpg\" data-envira-gallery-id=\"7190\" data-envira-item-id=\"7188\" data-envira-caption=\"Aur&eacute;lie Delaval, conseill&egrave;re municipale d&eacute;l&eacute;gu&eacute;e &agrave; l&rsquo;Environnement et &agrave; la Biodiversit&eacute;\" alt=\"\" title=\"Aur\u00e9lie Delaval, conseill\u00e8re municipale d\u00e9l\u00e9gu\u00e9e \u00e0 l\u2019Environnement et \u00e0 la Biodiversit\u00e9\"  itemprop=\"thumbnailUrl\" data-envira-srcset=\"http:\/\/www.clairmarais.net\/wordpress\/wp-content\/2026\/03\/Aurelie-Delaval-660x1024-640x480.jpg 400w,http:\/\/www.clairmarais.net\/wordpress\/wp-content\/2026\/03\/Aurelie-Delaval-660x1024-640x480.jpg 2x\" data-envira-width=\"193\" data-envira-height=\"300\" srcset=\"data:image\/gif;base64,R0lGODlhAQABAIAAAP\/\/\/\/\/\/\/yH5BAEKAAEALAAAAAABAAEAAAICTAEAOw==\" data-safe-src=\"data:image\/gif;base64,R0lGODlhAQABAIAAAP\/\/\/\/\/\/\/yH5BAEKAAEALAAAAAABAAEAAAICTAEAOw==\" \/><\/a><\/div><\/div><div id=\"envira-gallery-item-7189\" class=\"envira-gallery-item enviratope-item envira-gallery-item-12 envira-lazy-load\" style=\"padding-left: 5px; padding-bottom: 10px; padding-right: 5px;\"  itemscope itemtype=\"https:\/\/schema.org\/ImageObject\"><div class=\"envira-gallery-item-inner\"><div class=\"envira-gallery-position-overlay  envira-gallery-top-left\"><\/div><div class=\"envira-gallery-position-overlay  envira-gallery-top-right\"><\/div><div class=\"envira-gallery-position-overlay  envira-gallery-bottom-left\"><\/div><div class=\"envira-gallery-position-overlay  envira-gallery-bottom-right\"><\/div><a href=\"http:\/\/www.clairmarais.net\/wordpress\/wp-content\/2026\/03\/Alexandre-scaled.jpg\" class=\"envira-gallery-7190 envira-gallery-link\" rel=\"enviragallery7190\" title=\"Alexandre Verhaeghe, conseiller municipal d&eacute;l&eacute;gu&eacute; en charge de la Communication, de la M&eacute;moire et du D&eacute;veloppement territorial\" data-envira-caption=\"Alexandre Verhaeghe, conseiller municipal d&eacute;l&eacute;gu&eacute; en charge de la Communication, de la M&eacute;moire et du D&eacute;veloppement territorial\" data-envira-retina=\"\" data-thumbnail=\"\"  itemprop=\"contentUrl\"><img decoding=\"async\" id=\"envira-gallery-image-7189\" class=\"envira-gallery-image envira-gallery-image-12 envira-normal envira-lazy\" data-envira-index=\"12\" src=\"http:\/\/www.clairmarais.net\/wordpress\/wp-content\/2026\/03\/Alexandre-768x1024-640x480.jpg\" data-envira-src=\"http:\/\/www.clairmarais.net\/wordpress\/wp-content\/2026\/03\/Alexandre-768x1024-640x480.jpg\" data-envira-gallery-id=\"7190\" data-envira-item-id=\"7189\" data-envira-caption=\"Alexandre Verhaeghe, conseiller municipal d&eacute;l&eacute;gu&eacute; en charge de la Communication, de la M&eacute;moire et du D&eacute;veloppement territorial\" alt=\"\" title=\"Alexandre Verhaeghe, conseiller municipal d\u00e9l\u00e9gu\u00e9 en charge de la Communication, de la M\u00e9moire et du D\u00e9veloppement territorial\"  itemprop=\"thumbnailUrl\" data-envira-srcset=\"http:\/\/www.clairmarais.net\/wordpress\/wp-content\/2026\/03\/Alexandre-768x1024-640x480.jpg 400w,http:\/\/www.clairmarais.net\/wordpress\/wp-content\/2026\/03\/Alexandre-768x1024-640x480.jpg 2x\" data-envira-width=\"225\" data-envira-height=\"300\" srcset=\"data:image\/gif;base64,R0lGODlhAQABAIAAAP\/\/\/\/\/\/\/yH5BAEKAAEALAAAAAABAAEAAAICTAEAOw==\" data-safe-src=\"data:image\/gif;base64,R0lGODlhAQABAIAAAP\/\/\/\/\/\/\/yH5BAEKAAEALAAAAAABAAEAAAICTAEAOw==\" \/><\/a><\/div><\/div><div id=\"envira-gallery-item-7179\" class=\"envira-gallery-item enviratope-item envira-gallery-item-13 envira-lazy-load\" style=\"padding-left: 5px; padding-bottom: 10px; padding-right: 5px;\"  itemscope itemtype=\"https:\/\/schema.org\/ImageObject\"><div class=\"envira-gallery-item-inner\"><div class=\"envira-gallery-position-overlay  envira-gallery-top-left\"><\/div><div class=\"envira-gallery-position-overlay  envira-gallery-top-right\"><\/div><div class=\"envira-gallery-position-overlay  envira-gallery-bottom-left\"><\/div><div class=\"envira-gallery-position-overlay  envira-gallery-bottom-right\"><\/div><a href=\"http:\/\/www.clairmarais.net\/wordpress\/wp-content\/2026\/03\/pierre-2.jpg\" class=\"envira-gallery-7190 envira-gallery-link\" rel=\"enviragallery7190\" title=\"Pierre Peltier, conseiller municipal d&eacute;l&eacute;gu&eacute; au D&eacute;veloppement et soutien de l&rsquo;agriculture communale\" data-envira-caption=\"Pierre Peltier, conseiller municipal d&eacute;l&eacute;gu&eacute; au D&eacute;veloppement et soutien de l&rsquo;agriculture communale\" data-envira-retina=\"\" data-thumbnail=\"\"  itemprop=\"contentUrl\"><img decoding=\"async\" id=\"envira-gallery-image-7179\" class=\"envira-gallery-image envira-gallery-image-13 envira-normal envira-lazy\" data-envira-index=\"13\" src=\"http:\/\/www.clairmarais.net\/wordpress\/wp-content\/2026\/03\/pierre-2-968x1024-640x480.jpg\" data-envira-src=\"http:\/\/www.clairmarais.net\/wordpress\/wp-content\/2026\/03\/pierre-2-968x1024-640x480.jpg\" data-envira-gallery-id=\"7190\" data-envira-item-id=\"7179\" data-envira-caption=\"Pierre Peltier, conseiller municipal d&eacute;l&eacute;gu&eacute; au D&eacute;veloppement et soutien de l&rsquo;agriculture communale\" alt=\"\" title=\"Pierre Peltier, conseiller municipal d\u00e9l\u00e9gu\u00e9 au D\u00e9veloppement et soutien de l\u2019agriculture communale\"  itemprop=\"thumbnailUrl\" data-envira-srcset=\"http:\/\/www.clairmarais.net\/wordpress\/wp-content\/2026\/03\/pierre-2-968x1024-640x480.jpg 400w,http:\/\/www.clairmarais.net\/wordpress\/wp-content\/2026\/03\/pierre-2-968x1024-640x480.jpg 2x\" data-envira-width=\"283\" data-envira-height=\"300\" srcset=\"data:image\/gif;base64,R0lGODlhAQABAIAAAP\/\/\/\/\/\/\/yH5BAEKAAEALAAAAAABAAEAAAICTAEAOw==\" data-safe-src=\"data:image\/gif;base64,R0lGODlhAQABAIAAAP\/\/\/\/\/\/\/yH5BAEKAAEALAAAAAABAAEAAAICTAEAOw==\" \/><\/a><\/div><\/div><div id=\"envira-gallery-item-7195\" class=\"envira-gallery-item enviratope-item envira-gallery-item-14 envira-lazy-load\" style=\"padding-left: 5px; padding-bottom: 10px; padding-right: 5px;\"  itemscope itemtype=\"https:\/\/schema.org\/ImageObject\"><div class=\"envira-gallery-item-inner\"><div class=\"envira-gallery-position-overlay  envira-gallery-top-left\"><\/div><div class=\"envira-gallery-position-overlay  envira-gallery-top-right\"><\/div><div class=\"envira-gallery-position-overlay  envira-gallery-bottom-left\"><\/div><div class=\"envira-gallery-position-overlay  envira-gallery-bottom-right\"><\/div><a href=\"http:\/\/www.clairmarais.net\/wordpress\/wp-content\/2026\/03\/1000018542-rotated.jpg\" class=\"envira-gallery-7190 envira-gallery-link\" rel=\"enviragallery7190\" title=\"Patrice Colin, conseiller municipal\" data-envira-caption=\"Patrice Colin, conseiller municipal\" data-envira-retina=\"\" data-thumbnail=\"\"  itemprop=\"contentUrl\"><img decoding=\"async\" id=\"envira-gallery-image-7195\" class=\"envira-gallery-image envira-gallery-image-14 envira-normal envira-lazy\" data-envira-index=\"14\" src=\"http:\/\/www.clairmarais.net\/wordpress\/wp-content\/2026\/03\/1000018542-768x1024-640x480.jpg\" data-envira-src=\"http:\/\/www.clairmarais.net\/wordpress\/wp-content\/2026\/03\/1000018542-768x1024-640x480.jpg\" data-envira-gallery-id=\"7190\" data-envira-item-id=\"7195\" data-envira-caption=\"Patrice Colin, conseiller municipal\" alt=\"\" title=\"Patrice Colin, conseiller municipal\"  itemprop=\"thumbnailUrl\" data-envira-srcset=\"http:\/\/www.clairmarais.net\/wordpress\/wp-content\/2026\/03\/1000018542-768x1024-640x480.jpg 400w,http:\/\/www.clairmarais.net\/wordpress\/wp-content\/2026\/03\/1000018542-768x1024-640x480.jpg 2x\" data-envira-width=\"225\" data-envira-height=\"300\" srcset=\"data:image\/gif;base64,R0lGODlhAQABAIAAAP\/\/\/\/\/\/\/yH5BAEKAAEALAAAAAABAAEAAAICTAEAOw==\" data-safe-src=\"data:image\/gif;base64,R0lGODlhAQABAIAAAP\/\/\/\/\/\/\/yH5BAEKAAEALAAAAAABAAEAAAICTAEAOw==\" \/><\/a><\/div><\/div><div id=\"envira-gallery-item-7200\" class=\"envira-gallery-item enviratope-item envira-gallery-item-15 envira-lazy-load\" style=\"padding-left: 5px; padding-bottom: 10px; padding-right: 5px;\"  itemscope itemtype=\"https:\/\/schema.org\/ImageObject\"><div class=\"envira-gallery-item-inner\"><div class=\"envira-gallery-position-overlay  envira-gallery-top-left\"><\/div><div class=\"envira-gallery-position-overlay  envira-gallery-top-right\"><\/div><div class=\"envira-gallery-position-overlay  envira-gallery-bottom-left\"><\/div><div class=\"envira-gallery-position-overlay  envira-gallery-bottom-right\"><\/div><a href=\"http:\/\/www.clairmarais.net\/wordpress\/wp-content\/2026\/03\/Ludivine-Identite.jpeg\" class=\"envira-gallery-7190 envira-gallery-link\" rel=\"enviragallery7190\" title=\"Ludivine Rayaume, conseill&egrave;re municipale\" data-envira-caption=\"Ludivine Rayaume, conseill&egrave;re municipale\" data-envira-retina=\"\" data-thumbnail=\"\"  itemprop=\"contentUrl\"><img decoding=\"async\" id=\"envira-gallery-image-7200\" class=\"envira-gallery-image envira-gallery-image-15 envira-normal envira-lazy\" data-envira-index=\"15\" src=\"http:\/\/www.clairmarais.net\/wordpress\/wp-content\/2026\/03\/Ludivine-Identite-640x480.jpeg\" data-envira-src=\"http:\/\/www.clairmarais.net\/wordpress\/wp-content\/2026\/03\/Ludivine-Identite-640x480.jpeg\" data-envira-gallery-id=\"7190\" data-envira-item-id=\"7200\" data-envira-caption=\"Ludivine Rayaume, conseill&egrave;re municipale\" alt=\"\" title=\"Ludivine Rayaume, conseill\u00e8re municipale\"  itemprop=\"thumbnailUrl\" data-envira-srcset=\"http:\/\/www.clairmarais.net\/wordpress\/wp-content\/2026\/03\/Ludivine-Identite-640x480.jpeg 400w,http:\/\/www.clairmarais.net\/wordpress\/wp-content\/2026\/03\/Ludivine-Identite-640x480.jpeg 2x\" data-envira-width=\"217\" data-envira-height=\"300\" srcset=\"data:image\/gif;base64,R0lGODlhAQABAIAAAP\/\/\/\/\/\/\/yH5BAEKAAEALAAAAAABAAEAAAICTAEAOw==\" data-safe-src=\"data:image\/gif;base64,R0lGODlhAQABAIAAAP\/\/\/\/\/\/\/yH5BAEKAAEALAAAAAABAAEAAAICTAEAOw==\" \/><\/a><\/div><\/div><\/div><\/div><noscript><img decoding=\"async\" src=\"http:\/\/www.clairmarais.net\/wordpress\/wp-content\/2026\/03\/damien-recadre.png\" alt=\"\" \/><img decoding=\"async\" src=\"http:\/\/www.clairmarais.net\/wordpress\/wp-content\/2026\/03\/francis-recadre.png\" alt=\"\" \/><img decoding=\"async\" src=\"http:\/\/www.clairmarais.net\/wordpress\/wp-content\/2026\/03\/Veronique-scaled.png\" alt=\"\" \/><img decoding=\"async\" src=\"http:\/\/www.clairmarais.net\/wordpress\/wp-content\/2026\/03\/Casimir-scaled.jpg\" alt=\"\" \/><img decoding=\"async\" src=\"http:\/\/www.clairmarais.net\/wordpress\/wp-content\/2026\/03\/Nadine.png\" alt=\"\" \/><img decoding=\"async\" src=\"http:\/\/www.clairmarais.net\/wordpress\/wp-content\/2026\/03\/Patrick-scaled.jpg\" alt=\"\" \/><img decoding=\"async\" src=\"http:\/\/www.clairmarais.net\/wordpress\/wp-content\/2026\/03\/corinne.jpg\" alt=\"\" \/><img decoding=\"async\" src=\"http:\/\/www.clairmarais.net\/wordpress\/wp-content\/2026\/03\/Christine.jpg\" alt=\"\" \/><img decoding=\"async\" src=\"http:\/\/www.clairmarais.net\/wordpress\/wp-content\/2026\/03\/valerie.jpg\" alt=\"\" \/><img decoding=\"async\" src=\"http:\/\/www.clairmarais.net\/wordpress\/wp-content\/2026\/03\/Jerome.png\" alt=\"\" \/><img decoding=\"async\" src=\"http:\/\/www.clairmarais.net\/wordpress\/wp-content\/2026\/03\/Aurelie-Delaval.jpg\" alt=\"\" \/><img decoding=\"async\" src=\"http:\/\/www.clairmarais.net\/wordpress\/wp-content\/2026\/03\/Alexandre-scaled.jpg\" alt=\"\" \/><img decoding=\"async\" src=\"http:\/\/www.clairmarais.net\/wordpress\/wp-content\/2026\/03\/pierre-2.jpg\" alt=\"\" \/><img decoding=\"async\" src=\"http:\/\/www.clairmarais.net\/wordpress\/wp-content\/2026\/03\/1000018542-rotated.jpg\" alt=\"\" \/><img decoding=\"async\" src=\"http:\/\/www.clairmarais.net\/wordpress\/wp-content\/2026\/03\/Ludivine-Identite.jpeg\" alt=\"\" \/><\/noscript>\n\n\n\n<p class=\"has-text-align-center\"><span style=\"text-decoration: underline;\">Tableau du Conseil Municipal<\/span><\/p>\n\n\n\n<figure class=\"wp-block-table\"><table class=\"has-fixed-layout\"><tbody><tr><td class=\"has-text-align-center\" data-align=\"center\">Elu(e)<\/td><td class=\"has-text-align-center\" data-align=\"center\">Poste<\/td><td class=\"has-text-align-center\" data-align=\"center\">D\u00e9l\u00e9gation<\/td><td class=\"has-text-align-center\" data-align=\"center\">Arr\u00eat\u00e9 associ\u00e9<\/td><td class=\"has-text-align-center\" data-align=\"center\">Lui \u00e9crire<\/td><\/tr><tr><td class=\"has-text-align-center\" data-align=\"center\">Damien<br \/>Morel<\/td><td class=\"has-text-align-center\" data-align=\"center\">Maire<\/td><td class=\"has-text-align-center\" data-align=\"center\"><\/td><td class=\"has-text-align-center\" data-align=\"center\">Sans objet<a href=\"http:\/\/www.clairmarais.net\/wordpress\/wp-content\/2026\/03\/ARRETE-2026-37-Delegation-PATRICK-PREVOST.pdf\"><\/a><\/td><td class=\"has-text-align-center\" data-align=\"center\"><a href=\"mailto:damien.morel@clairmarais.net\" target=\"_blank\" rel=\"noreferrer noopener\">\u270d\ufe0f<\/a><\/td><\/tr><tr><td class=\"has-text-align-center\" data-align=\"center\">Francis<br \/>Flajolet<\/td><td class=\"has-text-align-center\" data-align=\"center\">Premier<br \/>maire adjoint<\/td><td class=\"has-text-align-center\" data-align=\"center\">Vivre ensemble : jeunesse, seniors et solidarit\u00e9s<\/td><td class=\"has-text-align-center\" data-align=\"center\"><a href=\"http:\/\/www.clairmarais.net\/wordpress\/wp-content\/2026\/03\/ARRETE-2026-31-Delegation-FRANCIS-FLAJOLET.pdf\" target=\"_blank\" rel=\"noreferrer noopener\">T\u00e9l\u00e9charger<\/a><\/td><td class=\"has-text-align-center\" data-align=\"center\"><a href=\"mailto:francis.flajolet@clairmarais.net\" target=\"_blank\" rel=\"noreferrer noopener\">\u270d\ufe0f<\/a><\/td><\/tr><tr><td class=\"has-text-align-center\" data-align=\"center\">V\u00e9ronique<br \/>Ruckebusch<\/td><td class=\"has-text-align-center\" data-align=\"center\">Deuxi\u00e8me<br \/>maire adjointe<\/td><td class=\"has-text-align-center\" data-align=\"center\">Dynamiques sportives, culturelles et associatives<\/td><td class=\"has-text-align-center\" data-align=\"center\"><a href=\"http:\/\/www.clairmarais.net\/wordpress\/wp-content\/2026\/03\/ARRETE-2026-32-Delegation-VERONIQUE-RUCKEBUSCH.pdf\" target=\"_blank\" rel=\"noreferrer noopener\">T\u00e9l\u00e9charger<\/a><\/td><td class=\"has-text-align-center\" data-align=\"center\"><a href=\"mailto:veronique.ruckebusch@clairmarais.net\" target=\"_blank\" rel=\"noreferrer noopener\">\u270d\ufe0f<\/a><\/td><\/tr><tr><td class=\"has-text-align-center\" data-align=\"center\">Casimir<br \/>Letellier<\/td><td class=\"has-text-align-center\" data-align=\"center\">Troisi\u00e8me<br \/>maire adjoint<\/td><td class=\"has-text-align-center\" data-align=\"center\">Am\u00e9nagement du Territoire et au Cadre de Vie<\/td><td class=\"has-text-align-center\" data-align=\"center\"><a href=\"http:\/\/www.clairmarais.net\/wordpress\/wp-content\/2026\/03\/ARRETE-2026-33-Delegation-CASIMIR-LETELLIER.pdf\" target=\"_blank\" rel=\"noreferrer noopener\">T\u00e9l\u00e9charger<\/a><\/td><td class=\"has-text-align-center\" data-align=\"center\"><a href=\"mailto:casimir.letellier@clairmarais.net\" target=\"_blank\" rel=\"noreferrer noopener\">\u270d\ufe0f<\/a><\/td><\/tr><tr><td class=\"has-text-align-center\" data-align=\"center\">Nadine<br \/>De Sainte Maresville<\/td><td class=\"has-text-align-center\" data-align=\"center\">Conseill\u00e8re<br \/>municipale<\/td><td class=\"has-text-align-center\" data-align=\"center\"> Tranquillit\u00e9 publique, propret\u00e9 et citoyennet\u00e9<\/td><td class=\"has-text-align-center\" data-align=\"center\"><a href=\"http:\/\/www.clairmarais.net\/wordpress\/wp-content\/2026\/03\/ARRETE-2026-36-Delegation-NADINE-DE-SAINTE-MARESVILLE.pdf\" target=\"_blank\" rel=\"noreferrer noopener\">T\u00e9l\u00e9charger<\/a><\/td><td class=\"has-text-align-center\" data-align=\"center\"><a href=\"mailto:nadine.desaintemaresville@clairmarais.net\" target=\"_blank\" rel=\"noreferrer noopener\">\u270d\ufe0f<\/a><\/td><\/tr><tr><td class=\"has-text-align-center\" data-align=\"center\">Patrick<br \/>Pr\u00e9vost<\/td><td class=\"has-text-align-center\" data-align=\"center\">Conseiller<br \/>municipal<\/td><td class=\"has-text-align-center\" data-align=\"center\">Embellissement de la commune et gestion des espaces verts communaux<\/td><td class=\"has-text-align-center\" data-align=\"center\"><a href=\"http:\/\/www.clairmarais.net\/wordpress\/wp-content\/2026\/03\/ARRETE-2026-37-Delegation-PATRICK-PREVOST.pdf\" target=\"_blank\" rel=\"noreferrer noopener\">T\u00e9l\u00e9charger<\/a><\/td><td class=\"has-text-align-center\" data-align=\"center\"><a href=\"mailto:patrick.prevost@clairmarais.net\" target=\"_blank\" rel=\"noreferrer noopener\">\u270d\ufe0f<\/a><\/td><\/tr><tr><td class=\"has-text-align-center\" data-align=\"center\">Corinne<br \/>Helleboid<\/td><td class=\"has-text-align-center\" data-align=\"center\">Conseill\u00e8re<br \/>municipale<\/td><td class=\"has-text-align-center\" data-align=\"center\">En charge de l\u2019accueil des nouveaux arrivants et de la vie des quartiers<\/td><td class=\"has-text-align-center\" data-align=\"center\"><a href=\"http:\/\/www.clairmarais.net\/wordpress\/wp-content\/2026\/03\/ARRETE-2026-35-Delegation-CORINNE-HELLEBOID.pdf\" target=\"_blank\" rel=\"noreferrer noopener\">T\u00e9l\u00e9charger<\/a><\/td><td class=\"has-text-align-center\" data-align=\"center\"><a href=\"mailto:corinne.helleboid@clairmarais.net\" target=\"_blank\" rel=\"noreferrer noopener\">\u270d\ufe0f<\/a><\/td><\/tr><tr><td class=\"has-text-align-center\" data-align=\"center\">Christine<br \/>Tavernier Trach\u00e9<\/td><td class=\"has-text-align-center\" data-align=\"center\">Conseill\u00e8re<br \/>municipale<\/td><td class=\"has-text-align-center\" data-align=\"center\">En charge des f\u00eates et c\u00e9r\u00e9monies<\/td><td class=\"has-text-align-center\" data-align=\"center\"><a href=\"http:\/\/www.clairmarais.net\/wordpress\/wp-content\/2026\/03\/ARRETE-2026-34-Delegation-CHRISTINE-TAVERNIER-TRACHE.pdf\" target=\"_blank\" rel=\"noreferrer noopener\">T\u00e9l\u00e9charger<\/a><\/td><td class=\"has-text-align-center\" data-align=\"center\"><a href=\"mailto:christine.tavernier@clairmarais.net\" target=\"_blank\" rel=\"noreferrer noopener\">\u270d\ufe0f<\/a><\/td><\/tr><tr><td class=\"has-text-align-center\" data-align=\"center\">Val\u00e9rie<br \/>Lasagesse<\/td><td class=\"has-text-align-center\" data-align=\"center\">Conseill\u00e8re<br \/>municipale<\/td><td class=\"has-text-align-center\" data-align=\"center\">Pr\u00e9servation et valorisation du marais vivant<\/td><td class=\"has-text-align-center\" data-align=\"center\"><a href=\"http:\/\/www.clairmarais.net\/wordpress\/wp-content\/2026\/03\/ARRETE-2026-42-Delegation-VALERIE-LASAGESSE.pdf\" target=\"_blank\" rel=\"noreferrer noopener\">T\u00e9l\u00e9charger<\/a><\/td><td class=\"has-text-align-center\" data-align=\"center\"><a href=\"mailto:valerie.lasagesse@clairmarais.net\" target=\"_blank\" rel=\"noreferrer noopener\">\u270d\ufe0f<\/a><\/td><\/tr><tr><td class=\"has-text-align-center\" data-align=\"center\">J\u00e9r\u00f4me<br \/>Courmont<\/td><td class=\"has-text-align-center\" data-align=\"center\">Conseiller<br \/>municipal<\/td><td class=\"has-text-align-center\" data-align=\"center\">En charge de la gestion des infrastructures communales<\/td><td class=\"has-text-align-center\" data-align=\"center\"><a href=\"http:\/\/www.clairmarais.net\/wordpress\/wp-content\/2026\/03\/ARRETE-2026-38-Delegation-JEROME-COURMONT.pdf\" target=\"_blank\" rel=\"noreferrer noopener\">T\u00e9l\u00e9charger<\/a><\/td><td class=\"has-text-align-center\" data-align=\"center\"><a href=\"mailto:jerome.courmont@clairmarais.net\" target=\"_blank\" rel=\"noreferrer noopener\">\u270d\ufe0f<\/a><\/td><\/tr><tr><td class=\"has-text-align-center\" data-align=\"center\">Aur\u00e9lie<br \/>Delaval<\/td><td class=\"has-text-align-center\" data-align=\"center\">Conseill\u00e8re<br \/>municipale<\/td><td class=\"has-text-align-center\" data-align=\"center\">Environnement et  Biodiversit\u00e9<\/td><td class=\"has-text-align-center\" data-align=\"center\"><a href=\"http:\/\/www.clairmarais.net\/wordpress\/wp-content\/2026\/03\/ARRETE-2026-40-Delegation-AURELIE-DELAVAL.pdf\" target=\"_blank\" rel=\"noreferrer noopener\">T\u00e9l\u00e9charger<\/a><\/td><td class=\"has-text-align-center\" data-align=\"center\"><a href=\"mailto:aurelie.delaval@clairmarais.net\" target=\"_blank\" rel=\"noreferrer noopener\">\u270d\ufe0f<\/a><\/td><\/tr><tr><td class=\"has-text-align-center\" data-align=\"center\">Alexandre<br \/>Verhaeghe<\/td><td class=\"has-text-align-center\" data-align=\"center\">Conseiller<br \/>municipal<\/td><td class=\"has-text-align-center\" data-align=\"center\">Communication, M\u00e9moire et D\u00e9veloppement territorial<\/td><td class=\"has-text-align-center\" data-align=\"center\"><a href=\"http:\/\/www.clairmarais.net\/wordpress\/wp-content\/2026\/03\/ARRETE-2026-41-Delegation-ALEXANDRE-VERHAEGHE.pdf\" target=\"_blank\" rel=\"noreferrer noopener\">T\u00e9l\u00e9charger<\/a><\/td><td class=\"has-text-align-center\" data-align=\"center\"><a href=\"mailto:alexandre.verhaeghe@clairmarais.net\" target=\"_blank\" rel=\"noreferrer noopener\">\u270d\ufe0f<\/a><\/td><\/tr><tr><td class=\"has-text-align-center\" data-align=\"center\">Pierre<br \/>Peltier<\/td><td class=\"has-text-align-center\" data-align=\"center\">Conseiller<br \/>municipal<\/td><td class=\"has-text-align-center\" data-align=\"center\">D\u00e9veloppement et soutien de l\u2019agriculture communale<\/td><td class=\"has-text-align-center\" data-align=\"center\"><a href=\"http:\/\/www.clairmarais.net\/wordpress\/wp-content\/2026\/03\/ARRETE-2026-39-Delegation-PIERRE-PELTIER.pdf\" target=\"_blank\" rel=\"noreferrer noopener\">T\u00e9l\u00e9charger<\/a><\/td><td class=\"has-text-align-center\" data-align=\"center\"><a href=\"mailto:pierre.peltier@clairmarais.net\" target=\"_blank\" rel=\"noreferrer noopener\">\u270d\ufe0f<\/a><\/td><\/tr><tr><td class=\"has-text-align-center\" data-align=\"center\">Patrice<br \/>Colin<\/td><td class=\"has-text-align-center\" data-align=\"center\">Conseiller<br \/>municipal<\/td><td class=\"has-text-align-center\" data-align=\"center\"><\/td><td class=\"has-text-align-center\" data-align=\"center\"><\/td><td class=\"has-text-align-center\" data-align=\"center\"><a href=\"mailto:patrice.colin@clairmarais.net\" target=\"_blank\" rel=\"noreferrer noopener\">\u270d\ufe0f<\/a><\/td><\/tr><tr><td class=\"has-text-align-center\" data-align=\"center\">Ludivine<br \/>Rayaume<\/td><td class=\"has-text-align-center\" data-align=\"center\"><br \/>Conseill\u00e8re<br \/>municipale<\/td><td class=\"has-text-align-center\" data-align=\"center\"><\/td><td class=\"has-text-align-center\" data-align=\"center\"><\/td><td class=\"has-text-align-center\" data-align=\"center\"><a href=\"mailto:ludivine.rayaume@clairmarais.net\" target=\"_blank\" rel=\"noreferrer noopener\">\u270d\ufe0f<\/a><\/td><\/tr><\/tbody><\/table><\/figure>\n\n\n\n<p>&nbsp;<\/p>\n\n\n\n<hr class=\"wp-block-separator has-alpha-channel-opacity\"\/>\n\n\n\n<h1 class=\"wp-block-heading\">Personnel Municipal<\/h1>\n\n\n<div id=\"envira-gallery-wrap-3370\" class=\"envira-gallery-wrap envira-gallery-theme-base envira-lightbox-theme-base\" itemscope itemtype=\"https:\/\/schema.org\/ImageGallery\"><div data-row-height=\"150\" data-gallery-theme=\"normal\" id=\"envira-gallery-3370\" class=\"envira-gallery-public envira-gallery-justified-public envira-gallery-0-columns envira-clear enviratope envira-gallery-css-animations\" data-envira-columns=\"0\"><div id=\"envira-gallery-item-992\" class=\"envira-gallery-item enviratope-item envira-gallery-item-1 envira-lazy-load\" style=\"padding-left: 5px; padding-bottom: 10px; padding-right: 5px;\"  itemscope itemtype=\"https:\/\/schema.org\/ImageObject\"><div class=\"envira-gallery-item-inner\"><div class=\"envira-gallery-position-overlay  envira-gallery-top-left\"><\/div><div class=\"envira-gallery-position-overlay  envira-gallery-top-right\"><\/div><div class=\"envira-gallery-position-overlay  envira-gallery-bottom-left\"><\/div><div class=\"envira-gallery-position-overlay  envira-gallery-bottom-right\"><\/div><a href=\"http:\/\/www.clairmarais.net\/wordpress\/wp-content\/2010\/08\/DSC01726.jpg\" class=\"envira-gallery-3370 envira-gallery-link\" rel=\"enviragallery3370\" title=\"Alexandre Decodts, responsable des services techniques\" data-envira-caption=\"Alexandre Decodts, responsable des services techniques\" data-envira-retina=\"\" data-thumbnail=\"\"  itemprop=\"contentUrl\"><img decoding=\"async\" id=\"envira-gallery-image-992\" class=\"envira-gallery-image envira-gallery-image-1 envira-normal envira-lazy\" data-envira-index=\"1\" src=\"http:\/\/www.clairmarais.net\/wordpress\/wp-content\/2010\/08\/DSC01726-1024x768-640x480.jpg\" data-envira-src=\"http:\/\/www.clairmarais.net\/wordpress\/wp-content\/2010\/08\/DSC01726-1024x768-640x480.jpg\" data-envira-gallery-id=\"3370\" data-envira-item-id=\"992\" data-envira-caption=\"Alexandre Decodts, responsable des services techniques\" alt=\"Agent des Services Techniques\" title=\"Alexandre Decodts, responsable des services techniques\"  itemprop=\"thumbnailUrl\" data-envira-srcset=\"http:\/\/www.clairmarais.net\/wordpress\/wp-content\/2010\/08\/DSC01726-1024x768-640x480.jpg 400w,http:\/\/www.clairmarais.net\/wordpress\/wp-content\/2010\/08\/DSC01726-1024x768-640x480.jpg 2x\" data-envira-width=\"300\" data-envira-height=\"225\" srcset=\"data:image\/gif;base64,R0lGODlhAQABAIAAAP\/\/\/\/\/\/\/yH5BAEKAAEALAAAAAABAAEAAAICTAEAOw==\" data-safe-src=\"data:image\/gif;base64,R0lGODlhAQABAIAAAP\/\/\/\/\/\/\/yH5BAEKAAEALAAAAAABAAEAAAICTAEAOw==\" \/><\/a><\/div><\/div><div id=\"envira-gallery-item-975\" class=\"envira-gallery-item enviratope-item envira-gallery-item-2 envira-lazy-load\" style=\"padding-left: 5px; padding-bottom: 10px; padding-right: 5px;\"  itemscope itemtype=\"https:\/\/schema.org\/ImageObject\"><div class=\"envira-gallery-item-inner\"><div class=\"envira-gallery-position-overlay  envira-gallery-top-left\"><\/div><div class=\"envira-gallery-position-overlay  envira-gallery-top-right\"><\/div><div class=\"envira-gallery-position-overlay  envira-gallery-bottom-left\"><\/div><div class=\"envira-gallery-position-overlay  envira-gallery-bottom-right\"><\/div><a href=\"http:\/\/www.clairmarais.net\/wordpress\/wp-content\/2010\/08\/DSC01674.jpg\" class=\"envira-gallery-3370 envira-gallery-link\" rel=\"enviragallery3370\" title=\"Micha&euml;l Hendrycks, services techniques municipaux\" data-envira-caption=\"Micha&euml;l Hendrycks, services techniques municipaux\" data-envira-retina=\"\" data-thumbnail=\"\"  itemprop=\"contentUrl\"><img decoding=\"async\" id=\"envira-gallery-image-975\" class=\"envira-gallery-image envira-gallery-image-2 envira-normal envira-lazy\" data-envira-index=\"2\" src=\"http:\/\/www.clairmarais.net\/wordpress\/wp-content\/2010\/08\/DSC01674-1024x768-640x480.jpg\" data-envira-src=\"http:\/\/www.clairmarais.net\/wordpress\/wp-content\/2010\/08\/DSC01674-1024x768-640x480.jpg\" data-envira-gallery-id=\"3370\" data-envira-item-id=\"975\" data-envira-caption=\"Micha&euml;l Hendrycks, services techniques municipaux\" alt=\"\" title=\"Micha\u00ebl Hendrycks, services techniques municipaux\"  itemprop=\"thumbnailUrl\" data-envira-srcset=\"http:\/\/www.clairmarais.net\/wordpress\/wp-content\/2010\/08\/DSC01674-1024x768-640x480.jpg 400w,http:\/\/www.clairmarais.net\/wordpress\/wp-content\/2010\/08\/DSC01674-1024x768-640x480.jpg 2x\" data-envira-width=\"300\" data-envira-height=\"225\" srcset=\"data:image\/gif;base64,R0lGODlhAQABAIAAAP\/\/\/\/\/\/\/yH5BAEKAAEALAAAAAABAAEAAAICTAEAOw==\" data-safe-src=\"data:image\/gif;base64,R0lGODlhAQABAIAAAP\/\/\/\/\/\/\/yH5BAEKAAEALAAAAAABAAEAAAICTAEAOw==\" \/><\/a><\/div><\/div><div id=\"envira-gallery-item-1115\" class=\"envira-gallery-item enviratope-item envira-gallery-item-3 envira-lazy-load\" style=\"padding-left: 5px; padding-bottom: 10px; padding-right: 5px;\"  itemscope itemtype=\"https:\/\/schema.org\/ImageObject\"><div class=\"envira-gallery-item-inner\"><div class=\"envira-gallery-position-overlay  envira-gallery-top-left\"><\/div><div class=\"envira-gallery-position-overlay  envira-gallery-top-right\"><\/div><div class=\"envira-gallery-position-overlay  envira-gallery-bottom-left\"><\/div><div class=\"envira-gallery-position-overlay  envira-gallery-bottom-right\"><\/div><a href=\"http:\/\/www.clairmarais.net\/wordpress\/wp-content\/2011\/05\/Laurent-Decoopman.jpg\" class=\"envira-gallery-3370 envira-gallery-link\" rel=\"enviragallery3370\" title=\"Laurent Decoopman, directeur ALSH, animateur municipal\" data-envira-caption=\"Laurent Decoopman, directeur ALSH, animateur municipal\" data-envira-retina=\"\" data-thumbnail=\"\"  itemprop=\"contentUrl\"><img decoding=\"async\" id=\"envira-gallery-image-1115\" class=\"envira-gallery-image envira-gallery-image-3 envira-normal envira-lazy\" data-envira-index=\"3\" src=\"http:\/\/www.clairmarais.net\/wordpress\/wp-content\/2011\/05\/Laurent-Decoopman-640x480.jpg\" data-envira-src=\"http:\/\/www.clairmarais.net\/wordpress\/wp-content\/2011\/05\/Laurent-Decoopman-640x480.jpg\" data-envira-gallery-id=\"3370\" data-envira-item-id=\"1115\" data-envira-caption=\"Laurent Decoopman, directeur ALSH, animateur municipal\" alt=\"Animateur\" title=\"Laurent Decoopman, directeur ALSH, animateur municipal\"  itemprop=\"thumbnailUrl\" data-envira-srcset=\"http:\/\/www.clairmarais.net\/wordpress\/wp-content\/2011\/05\/Laurent-Decoopman-640x480.jpg 400w,http:\/\/www.clairmarais.net\/wordpress\/wp-content\/2011\/05\/Laurent-Decoopman-640x480.jpg 2x\" data-envira-width=\"225\" data-envira-height=\"300\" srcset=\"data:image\/gif;base64,R0lGODlhAQABAIAAAP\/\/\/\/\/\/\/yH5BAEKAAEALAAAAAABAAEAAAICTAEAOw==\" data-safe-src=\"data:image\/gif;base64,R0lGODlhAQABAIAAAP\/\/\/\/\/\/\/yH5BAEKAAEALAAAAAABAAEAAAICTAEAOw==\" \/><\/a><\/div><\/div><div id=\"envira-gallery-item-3453\" class=\"envira-gallery-item enviratope-item envira-gallery-item-4 envira-lazy-load\" style=\"padding-left: 5px; padding-bottom: 10px; padding-right: 5px;\"  itemscope itemtype=\"https:\/\/schema.org\/ImageObject\"><div class=\"envira-gallery-item-inner\"><div class=\"envira-gallery-position-overlay  envira-gallery-top-left\"><\/div><div class=\"envira-gallery-position-overlay  envira-gallery-top-right\"><\/div><div class=\"envira-gallery-position-overlay  envira-gallery-bottom-left\"><\/div><div class=\"envira-gallery-position-overlay  envira-gallery-bottom-right\"><\/div><a href=\"http:\/\/www.clairmarais.net\/wordpress\/wp-content\/2017\/07\/Tony-DARQUES.jpg\" class=\"envira-gallery-3370 envira-gallery-link\" rel=\"enviragallery3370\" title=\"Tony Darques, secr&eacute;taire de mairie\" data-envira-caption=\"Tony Darques, secr&eacute;taire de mairie\" data-envira-retina=\"\" data-thumbnail=\"\"  itemprop=\"contentUrl\"><img decoding=\"async\" id=\"envira-gallery-image-3453\" class=\"envira-gallery-image envira-gallery-image-4 envira-normal envira-lazy\" data-envira-index=\"4\" src=\"http:\/\/www.clairmarais.net\/wordpress\/wp-content\/2017\/07\/Tony-DARQUES-898x1024-640x480.jpg\" data-envira-src=\"http:\/\/www.clairmarais.net\/wordpress\/wp-content\/2017\/07\/Tony-DARQUES-898x1024-640x480.jpg\" data-envira-gallery-id=\"3370\" data-envira-item-id=\"3453\" data-envira-caption=\"Tony Darques, secr&eacute;taire de mairie\" alt=\"Secr\u00e9taire de Mairie\" title=\"Tony Darques, secr\u00e9taire de mairie\"  itemprop=\"thumbnailUrl\" data-envira-srcset=\"http:\/\/www.clairmarais.net\/wordpress\/wp-content\/2017\/07\/Tony-DARQUES-898x1024-640x480.jpg 400w,http:\/\/www.clairmarais.net\/wordpress\/wp-content\/2017\/07\/Tony-DARQUES-898x1024-640x480.jpg 2x\" data-envira-width=\"263\" data-envira-height=\"300\" srcset=\"data:image\/gif;base64,R0lGODlhAQABAIAAAP\/\/\/\/\/\/\/yH5BAEKAAEALAAAAAABAAEAAAICTAEAOw==\" data-safe-src=\"data:image\/gif;base64,R0lGODlhAQABAIAAAP\/\/\/\/\/\/\/yH5BAEKAAEALAAAAAABAAEAAAICTAEAOw==\" \/><\/a><\/div><\/div><\/div><\/div><noscript><img decoding=\"async\" src=\"http:\/\/www.clairmarais.net\/wordpress\/wp-content\/2010\/08\/DSC01726.jpg\" alt=\"Agent des Services Techniques\" \/><img decoding=\"async\" src=\"http:\/\/www.clairmarais.net\/wordpress\/wp-content\/2010\/08\/DSC01674.jpg\" alt=\"\" \/><img decoding=\"async\" src=\"http:\/\/www.clairmarais.net\/wordpress\/wp-content\/2011\/05\/Laurent-Decoopman.jpg\" alt=\"Animateur\" \/><img decoding=\"async\" src=\"http:\/\/www.clairmarais.net\/wordpress\/wp-content\/2017\/07\/Tony-DARQUES.jpg\" alt=\"Secr\u00e9taire de Mairie\" \/><\/noscript>\n","protected":false},"excerpt":{"rendered":"<p>Vos \u00e9lus Tableau du Conseil Municipal Elu(e) Poste D\u00e9l\u00e9gation Arr\u00eat\u00e9 associ\u00e9 Lui \u00e9crire DamienMorel Maire Sans objet \u270d\ufe0f FrancisFlajolet Premiermaire adjoint Vivre ensemble : jeunesse, seniors et solidarit\u00e9s T\u00e9l\u00e9charger \u270d\ufe0f V\u00e9roniqueRuckebusch Deuxi\u00e8memaire adjointe Dynamiques sportives, culturelles et associatives T\u00e9l\u00e9charger \u270d\ufe0f CasimirLetellier Troisi\u00e8memaire adjoint Am\u00e9nagement du Territoire et au Cadre de Vie T\u00e9l\u00e9charger \u270d\ufe0f NadineDe Sainte [&hellip;]<\/p>\n","protected":false},"author":1,"featured_media":0,"parent":9,"menu_order":0,"comment_status":"closed","ping_status":"closed","template":"","meta":{"footnotes":""},"class_list":["post-3091","page","type-page","status-publish"],"_links":{"self":[{"href":"http:\/\/www.clairmarais.net\/wordpress\/wp-json\/wp\/v2\/pages\/3091","targetHints":{"allow":["GET"]}}],"collection":[{"href":"http:\/\/www.clairmarais.net\/wordpress\/wp-json\/wp\/v2\/pages"}],"about":[{"href":"http:\/\/www.clairmarais.net\/wordpress\/wp-json\/wp\/v2\/types\/page"}],"author":[{"embeddable":true,"href":"http:\/\/www.clairmarais.net\/wordpress\/wp-json\/wp\/v2\/users\/1"}],"replies":[{"embeddable":true,"href":"http:\/\/www.clairmarais.net\/wordpress\/wp-json\/wp\/v2\/comments?post=3091"}],"version-history":[{"count":16,"href":"http:\/\/www.clairmarais.net\/wordpress\/wp-json\/wp\/v2\/pages\/3091\/revisions"}],"predecessor-version":[{"id":7239,"href":"http:\/\/www.clairmarais.net\/wordpress\/wp-json\/wp\/v2\/pages\/3091\/revisions\/7239"}],"up":[{"embeddable":true,"href":"http:\/\/www.clairmarais.net\/wordpress\/wp-json\/wp\/v2\/pages\/9"}],"wp:attachment":[{"href":"http:\/\/www.clairmarais.net\/wordpress\/wp-json\/wp\/v2\/media?parent=3091"}],"curies":[{"name":"wp","href":"https:\/\/api.w.org\/{rel}","templated":true}]}}