{"id":5745,"date":"2023-11-15T13:16:02","date_gmt":"2023-11-15T11:16:02","guid":{"rendered":"https:\/\/www.clairmarais.net\/wordpress\/?page_id=5745"},"modified":"2024-06-22T10:02:42","modified_gmt":"2024-06-22T08:02:42","slug":"inondations-2","status":"publish","type":"page","link":"http:\/\/www.clairmarais.net\/wordpress\/inondations-2\/","title":{"rendered":"INONDATIONS DE NOVEMBRE 2023 ET JANVIER 2024"},"content":{"rendered":"\n<p class=\"has-white-color has-text-color has-link-color wp-elements-695cde75746f0d054e4c3bc0e5ac87f8\"><strong><u>QUESTIONS \/ REPONSES<\/u><\/strong><\/p>\n\n\n\n<p class=\"has-black-color has-text-color has-link-color wp-elements-0e874ae86ef80c0779ad2be5e60df783\"><strong><span style=\"text-decoration: underline;\">REUNION D&rsquo;INFORMATION AUX CLAIRMARAISIENS SINISTRES DES INONDATIONS :<\/span><\/strong><\/p>\n\n\n\n<p>COMPTE RENDU : <\/p>\n\n\n\n<p><a href=\"http:\/\/www.clairmarais.net\/wordpress\/wp-content\/2024\/01\/COMPTE-RENDU-REUNION-20-JANVIER.pdf\">http:\/\/www.clairmarais.net\/wordpress\/wp-content\/2024\/01\/COMPTE-RENDU-REUNION-20-JANVIER.pdf<\/a><\/p>\n\n\n\n<p>QUESTIONS \/ REPONSES : <\/p>\n\n\n\n<p>AU 23 FEVRIER : <a href=\"http:\/\/www.clairmarais.net\/wordpress\/wp-content\/2024\/02\/FAQ-V3-2.pdf\">http:\/\/www.clairmarais.net\/wordpress\/wp-content\/2024\/02\/FAQ-V3-2.pdf<\/a><\/p>\n\n\n\n<p>&#8212;&#8212;&#8212;&#8212;&#8212;&#8212;&#8212;&#8212;&#8212;&#8212;&#8212;&#8212;&#8212;&#8212;&#8212;&#8212;&#8212;&#8212;&#8212;&#8212;&#8212;&#8212;&#8212;&#8212;&#8212;&#8212;&#8212;&#8212;&#8212;&#8212;&#8212;&#8212;&#8212;&#8212;&#8212;&#8212;&#8212;&#8212;-<\/p>\n\n\n\n<p><strong><u>RECONNAISSANCE DE L\u2019ETAT DES CATASTROPHE NATURELLE \u00ab&nbsp;INONDATIONS&nbsp;\u00bb<\/u><\/strong><\/p>\n\n\n\n<p>Un arr\u00eat\u00e9 minist\u00e9riel a \u00e9t\u00e9 publi\u00e9 au Journal Officiel le 27 avril 2024 et reconnait la Commune de Clairmarais en \u00e9tat de catastrophe naturelle pour la p\u00e9riode d&rsquo;inondations allant du <strong>26 f\u00e9vrier au 1er mars 2024<\/strong>.<\/p>\n\n\n\n<p>Il est consultable en cliquant ici : <a href=\"https:\/\/www.legifrance.gouv.fr\/jorf\/article_jo\/JORFARTI000049477852\" target=\"_blank\" rel=\"noreferrer noopener\">https:\/\/www.legifrance.gouv.fr\/jorf\/article_jo\/JORFARTI000049477852<\/a><\/p>\n\n\n\n<p>Les personnes concern\u00e9es ont 30 jours \u00e0 compter de la date de publication de l&rsquo;arr\u00eat\u00e9 pour d\u00e9clarer, si ce n&rsquo;a pas \u00e9t\u00e9 fait, le sinistre subi aupr\u00e8s de leur assureur.<\/p>\n\n\n\n<p>Pour rappel, les arr\u00eat\u00e9s pour les p\u00e9riodes :<\/p>\n\n\n\n<ul class=\"wp-block-list\">\n<li>du 27 d\u00e9cembre 2023 au 11 janvier 2024 : <a href=\"https:\/\/www.legifrance.gouv.fr\/jorf\/id\/JORFTEXT000048998796\" data-type=\"link\" data-id=\"https:\/\/www.legifrance.gouv.fr\/jorf\/id\/JORFTEXT000048998796\">https:\/\/www.legifrance.gouv.fr\/<\/a><\/li>\n\n\n\n<li>du 02 au 12 novembre 2023: <a href=\"https:\/\/www.legifrance.gouv.fr\/jorf\/id\/JORFTEXT000048393151\">https:\/\/www.legifrance.gouv.fr\/<\/a><\/li>\n\n\n\n<li>du 13 au 24 novembre 2023:  <a href=\"https:\/\/www.legifrance.gouv.fr\/eli\/arrete\/2023\/12\/18\/IOME2333648A\/jo\/texte\" target=\"_blank\" rel=\"noreferrer noopener\">https:\/\/www.legifrance.gouv.fr\/<\/a><\/li>\n<\/ul>\n\n\n\n<p>&#8212;&#8212;&#8212;&#8212;&#8212;&#8212;&#8212;&#8212;&#8212;&#8212;&#8212;&#8212;&#8212;&#8212;&#8212;&#8212;&#8212;&#8212;&#8212;&#8212;&#8212;&#8212;&#8212;&#8212;&#8212;&#8212;&#8212;&#8212;&#8212;&#8212;&#8212;&#8212;&#8212;&#8212;&#8212;&#8212;&#8212;&#8212;-<\/p>\n\n\n\n<h3 class=\"wp-block-heading has-text-align-center\"><span style=\"text-decoration: underline;\">Soutiens<\/span><\/h3>\n\n\n\n<ul class=\"wp-block-list\">\n<li><mark style=\"background-color:rgba(0, 0, 0, 0)\" class=\"has-inline-color has-vivid-green-cyan-color\"><a href=\"http:\/\/www.clairmarais.net\/wordpress\/inondations-soutien-aux-particuliers\/\">Soutien aux particuliers<\/a><\/mark><\/li>\n\n\n\n<li><mark style=\"background-color:rgba(0, 0, 0, 0)\" class=\"has-inline-color has-vivid-green-cyan-color\"><a href=\"http:\/\/www.clairmarais.net\/wordpress\/inondations-soutien-aux-activites\/\" target=\"_blank\" rel=\"noreferrer noopener\">Soutien aux activit\u00e9s et entreprises<\/a><\/mark><\/li>\n<\/ul>\n\n\n<div class=\"wp-block-image\">\n<figure class=\"aligncenter size-full\"><a href=\"https:\/\/www.clairmarais.net\/wordpress\/wp-content\/2024\/01\/Gestion-des-consequences-des-inondations-et-reconstruction_large.jpg\"><img loading=\"lazy\" decoding=\"async\" width=\"328\" height=\"185\" src=\"https:\/\/www.clairmarais.net\/wordpress\/wp-content\/2024\/01\/Gestion-des-consequences-des-inondations-et-reconstruction_large.jpg\" alt=\"\" class=\"wp-image-5930\" srcset=\"http:\/\/www.clairmarais.net\/wordpress\/wp-content\/2024\/01\/Gestion-des-consequences-des-inondations-et-reconstruction_large.jpg 328w, http:\/\/www.clairmarais.net\/wordpress\/wp-content\/2024\/01\/Gestion-des-consequences-des-inondations-et-reconstruction_large-300x169.jpg 300w\" sizes=\"auto, (max-width: 328px) 100vw, 328px\" \/><\/a><\/figure>\n<\/div>\n\n\n<p class=\"has-text-align-center\"><a href=\"https:\/\/www.pas-de-calais.gouv.fr\/Actualites\/Actualites\/Gestion-des-consequences-des-inondations-et-reconstruction\" target=\"_blank\" rel=\"noreferrer noopener\">Les \u00e9l\u00e9ments disponibles sur le site de la pr\u00e9fecture du Pas-de-Calais<\/a><\/p>\n\n\n\n<p>&#8212;&#8212;&#8212;&#8212;&#8212;&#8212;&#8212;&#8212;&#8212;&#8212;&#8212;&#8212;&#8212;&#8212;&#8212;&#8212;&#8212;&#8212;&#8212;&#8212;&#8212;&#8212;&#8212;&#8212;&#8212;&#8212;&#8212;&#8212;&#8212;&#8212;&#8212;&#8212;&#8212;&#8212;&#8212;&#8212;&#8212;&#8212;-<\/p>\n\n\n\n<h2 class=\"wp-block-heading has-text-align-center\"><span style=\"text-decoration: underline;\">Guichet unique<\/span><\/h2>\n\n\n\n<p>Afin de gagner en lisibilit\u00e9 et de faciliter les d\u00e9marches des personnes touch\u00e9es, les services de l\u2019\u00c9tat, la R\u00e9gion Hauts-de-France, le D\u00e9partement du Pas-de-Calais, les chambres consulaires (Chambre d\u2019agriculture, Chambre de m\u00e9tiers et de l\u2019artisanat et Chambre de Commerce et d\u2019Industrie) et la Mutualit\u00e9 Sociale Agricole s\u2019associent pour d\u00e9ployer un guichet unique via la plateforme d\u00e9marches simplifi\u00e9es.<\/p>\n\n\n\n<p>Ce dispositif permettra aux sinistr\u00e9s (particuliers, entreprises, artisans, commer\u00e7ants, exploitants agricoles\u2026) de disposer d\u2019un point d\u2019acc\u00e8s unique pour prendre en compte les difficult\u00e9s auxquelles ils sont confront\u00e9s.<\/p>\n\n\n\n<p>Concernant les entreprises, les commer\u00e7ants, les artisans et les exploitants agricoles, ce guichet sera charg\u00e9 d\u2019aider et d\u2019accompagner individuellement chaque acteur \u00e9conomique.<\/p>\n\n\n\n<p>Ce guichet est accessible via le lien suivant :<br \/><a href=\"https:\/\/www.demarches-simplifiees.fr\/commencer\/guichet-unique-pas-de-calais-reconstruction\" target=\"_blank\" rel=\"noreferrer noopener\">https:\/\/www.demarches-simplifiees.fr\/commencer\/guichet-unique-pas-de-calais-reconstruction<\/a>&nbsp;&nbsp;<\/p>\n\n\n\n<p>Il convient de souligner que ce formulaire intervient en compl\u00e9ment des modalit\u00e9s de communication propos\u00e9es depuis le d\u00e9but de la crise (num\u00e9ros de t\u00e9l\u00e9phone et adresses mail d\u00e9di\u00e9s notamment\u2026) par les partenaires qui demeurent \u00e9galement actifs.<\/p>\n","protected":false},"excerpt":{"rendered":"<p>QUESTIONS \/ REPONSES REUNION D&rsquo;INFORMATION AUX CLAIRMARAISIENS SINISTRES DES INONDATIONS : COMPTE RENDU : http:\/\/www.clairmarais.net\/wordpress\/wp-content\/2024\/01\/COMPTE-RENDU-REUNION-20-JANVIER.pdf QUESTIONS \/ REPONSES : AU 23 FEVRIER : http:\/\/www.clairmarais.net\/wordpress\/wp-content\/2024\/02\/FAQ-V3-2.pdf &#8212;&#8212;&#8212;&#8212;&#8212;&#8212;&#8212;&#8212;&#8212;&#8212;&#8212;&#8212;&#8212;&#8212;&#8212;&#8212;&#8212;&#8212;&#8212;&#8212;&#8212;&#8212;&#8212;&#8212;&#8212;&#8212;&#8212;&#8212;&#8212;&#8212;&#8212;&#8212;&#8212;&#8212;&#8212;&#8212;&#8212;&#8212;- RECONNAISSANCE DE L\u2019ETAT DES CATASTROPHE NATURELLE \u00ab&nbsp;INONDATIONS&nbsp;\u00bb Un arr\u00eat\u00e9 minist\u00e9riel a \u00e9t\u00e9 publi\u00e9 au Journal Officiel le 27 avril 2024 et reconnait la Commune de Clairmarais en \u00e9tat de catastrophe [&hellip;]<\/p>\n","protected":false},"author":17,"featured_media":0,"parent":0,"menu_order":0,"comment_status":"closed","ping_status":"closed","template":"","meta":{"footnotes":""},"class_list":["post-5745","page","type-page","status-publish"],"_links":{"self":[{"href":"http:\/\/www.clairmarais.net\/wordpress\/wp-json\/wp\/v2\/pages\/5745","targetHints":{"allow":["GET"]}}],"collection":[{"href":"http:\/\/www.clairmarais.net\/wordpress\/wp-json\/wp\/v2\/pages"}],"about":[{"href":"http:\/\/www.clairmarais.net\/wordpress\/wp-json\/wp\/v2\/types\/page"}],"author":[{"embeddable":true,"href":"http:\/\/www.clairmarais.net\/wordpress\/wp-json\/wp\/v2\/users\/17"}],"replies":[{"embeddable":true,"href":"http:\/\/www.clairmarais.net\/wordpress\/wp-json\/wp\/v2\/comments?post=5745"}],"version-history":[{"count":36,"href":"http:\/\/www.clairmarais.net\/wordpress\/wp-json\/wp\/v2\/pages\/5745\/revisions"}],"predecessor-version":[{"id":6181,"href":"http:\/\/www.clairmarais.net\/wordpress\/wp-json\/wp\/v2\/pages\/5745\/revisions\/6181"}],"wp:attachment":[{"href":"http:\/\/www.clairmarais.net\/wordpress\/wp-json\/wp\/v2\/media?parent=5745"}],"curies":[{"name":"wp","href":"https:\/\/api.w.org\/{rel}","templated":true}]}}