{"id":5907,"date":"2024-01-27T16:53:57","date_gmt":"2024-01-27T14:53:57","guid":{"rendered":"https:\/\/www.clairmarais.net\/wordpress\/?page_id=5907"},"modified":"2024-12-01T13:35:54","modified_gmt":"2024-12-01T12:35:54","slug":"inondations-soutien-aux-particuliers","status":"publish","type":"page","link":"http:\/\/www.clairmarais.net\/wordpress\/inondations-soutien-aux-particuliers\/","title":{"rendered":"Inondations &#8211; Soutien aux particuliers"},"content":{"rendered":"\n<div class=\"wp-block-file\"><a id=\"wp-block-file--media-c7229c49-6b19-40fa-abd1-ba04f0710b9f\" href=\"http:\/\/www.clairmarais.net\/wordpress\/wp-content\/2024\/12\/flyer-Ecoute-Psychologique.pdf\" target=\"_blank\" rel=\"noreferrer noopener\">Ecoute Psychologique<\/a><a href=\"http:\/\/www.clairmarais.net\/wordpress\/wp-content\/2024\/12\/flyer-Ecoute-Psychologique.pdf\" class=\"wp-block-file__button wp-element-button\" download aria-describedby=\"wp-block-file--media-c7229c49-6b19-40fa-abd1-ba04f0710b9f\">T\u00e9l\u00e9charger<\/a><\/div>\n\n\n\n<div class=\"wp-block-file\"><a id=\"wp-block-file--media-f86aa2ba-2f96-4283-b67f-6a7bb715cef4\" href=\"http:\/\/www.clairmarais.net\/wordpress\/wp-content\/2024\/12\/FLYER-generique.pdf\" target=\"_blank\" rel=\"noreferrer noopener\">FLYER g\u00e9n\u00e9rique &#8211; lien guichet unique<\/a><a href=\"http:\/\/www.clairmarais.net\/wordpress\/wp-content\/2024\/12\/FLYER-generique.pdf\" class=\"wp-block-file__button wp-element-button\" download aria-describedby=\"wp-block-file--media-f86aa2ba-2f96-4283-b67f-6a7bb715cef4\">T\u00e9l\u00e9charger<\/a><\/div>\n\n\n\n<hr class=\"wp-block-separator has-alpha-channel-opacity\"\/>\n\n\n\n<p><strong><u>ACQUISITION &amp; PROTECTION DES HABITATIONS<\/u><\/strong> <\/p>\n\n\n\n<div class=\"wp-block-file\"><a id=\"wp-block-file--media-2f5c4f14-ba4e-4daf-8c56-e85bf823376b\" href=\"https:\/\/www.clairmarais.net\/wordpress\/wp-content\/2024\/01\/Fiche-batardeaux-habitations-24012024.pdf\" target=\"_blank\" rel=\"noreferrer noopener\">&gt; Fiche batardeaux &#8211; habitations-24012024<\/a><a href=\"https:\/\/www.clairmarais.net\/wordpress\/wp-content\/2024\/01\/Fiche-batardeaux-habitations-24012024.pdf\" class=\"wp-block-file__button wp-element-button\" download aria-describedby=\"wp-block-file--media-2f5c4f14-ba4e-4daf-8c56-e85bf823376b\">T\u00e9l\u00e9charger<\/a><\/div>\n\n\n\n<div class=\"wp-block-file\"><a id=\"wp-block-file--media-0143c950-8cbb-4ccf-9b0c-fd7fc5e9c71f\" href=\"http:\/\/www.clairmarais.net\/wordpress\/wp-content\/2024\/03\/Modalites-pratiques-de-la-procedure-de-rachat-2.pdf\" target=\"_blank\" rel=\"noreferrer noopener\">&gt; Modalit\u00e9s pratiques de la proc\u00e9dure de rachat Fonds Barnier &#8211; actualisation 07 03 2024<\/a><a href=\"http:\/\/www.clairmarais.net\/wordpress\/wp-content\/2024\/03\/Modalites-pratiques-de-la-procedure-de-rachat-2.pdf\" class=\"wp-block-file__button wp-element-button\" download aria-describedby=\"wp-block-file--media-0143c950-8cbb-4ccf-9b0c-fd7fc5e9c71f\">T\u00e9l\u00e9charger<\/a><\/div>\n\n\n\n<div class=\"wp-block-file\"><a id=\"wp-block-file--media-489dfbf4-5cc9-4a62-acee-67755e7b78f2\" href=\"http:\/\/www.clairmarais.net\/wordpress\/wp-content\/2024\/06\/Flyer_aides_ANAH_logements_inondes_VF.pdf\" target=\"_blank\" rel=\"noreferrer noopener\">&gt; Aide financi\u00e8re de l\u2019ANAH aux travaux sur les logements sinistr\u00e9s<\/a><a href=\"http:\/\/www.clairmarais.net\/wordpress\/wp-content\/2024\/06\/Flyer_aides_ANAH_logements_inondes_VF.pdf\" class=\"wp-block-file__button wp-element-button\" download aria-describedby=\"wp-block-file--media-489dfbf4-5cc9-4a62-acee-67755e7b78f2\">T\u00e9l\u00e9charger<\/a><\/div>\n\n\n\n<div class=\"wp-block-file\"><a id=\"wp-block-file--media-87fadef0-05d7-4d5f-ad5f-8a2906fda28b\" href=\"http:\/\/www.clairmarais.net\/wordpress\/wp-content\/2024\/12\/exoneration-Taxe-Foncier-Bati-scaled.jpg\" target=\"_blank\" rel=\"noreferrer noopener\">> exon\u00e9ration Taxe Foncier B\u00e2ti<\/a><a href=\"http:\/\/www.clairmarais.net\/wordpress\/wp-content\/2024\/12\/exoneration-Taxe-Foncier-Bati-scaled.jpg\" class=\"wp-block-file__button wp-element-button\" download aria-describedby=\"wp-block-file--media-87fadef0-05d7-4d5f-ad5f-8a2906fda28b\">T\u00e9l\u00e9charger<\/a><\/div>\n\n\n\n<div class=\"wp-block-file\"><a id=\"wp-block-file--media-e6bbef28-ea85-4679-96d4-27340ce10350\" href=\"http:\/\/www.clairmarais.net\/wordpress\/wp-content\/2024\/12\/Fiche-MIRAPI-maires-et-public-v9_lien-actif-3-2.pdf\" target=\"_blank\" rel=\"noreferrer noopener\">> Fiche MIRAPI avec liens<\/a><a href=\"http:\/\/www.clairmarais.net\/wordpress\/wp-content\/2024\/12\/Fiche-MIRAPI-maires-et-public-v9_lien-actif-3-2.pdf\" class=\"wp-block-file__button wp-element-button\" download aria-describedby=\"wp-block-file--media-e6bbef28-ea85-4679-96d4-27340ce10350\">T\u00e9l\u00e9charger<\/a><\/div>\n\n\n\n<p>&#8212;&#8212;&#8212;&#8212;&#8212;&#8212;&#8212;&#8212;&#8212;&#8212;&#8212;&#8212;&#8212;&#8212;&#8212;&#8212;&#8212;&#8212;&#8212;&#8212;&#8212;&#8212;&#8212;&#8212;&#8212;&#8212;&#8212;&#8212;&#8212;&#8212;&#8212;&#8212;&#8212;&#8212;&#8212;&#8212;&#8212;&#8212;-<\/p>\n\n\n\n<p><strong><u>DEPARTEMENT DU PAS-DE-CALAIS &#8211; AIDE ENERGIE<\/u><\/strong><\/p>\n\n\n\n<p>Un partenariat entre le&nbsp;D\u00e9partement du Pas-de-Calais, la F\u00e9d\u00e9ration D\u00e9partementale d\u2019Energie&nbsp;(FDE) et Electricit\u00e9 de France (EDF) a permis la cr\u00e9ation d\u2019un fonds destin\u00e9 aux m\u00e9nages sinistr\u00e9s ayant d\u00fb faire face \u00e0 une&nbsp;<strong>surconsommation d\u2019\u00e9nergie&nbsp;caus\u00e9e par les inondations<\/strong>.<\/p>\n\n\n\n<p>Jean-Claude Leroy, Pr\u00e9sident du&nbsp;D\u00e9partement, a propos\u00e9 aux membres de la commission permanente de mobiliser ces cr\u00e9dits pour accorder, via les centres communaux d\u2019action sociale (CCAS), et \u00e0 d\u00e9faut les communes ou les Maisons du&nbsp;D\u00e9partement&nbsp;Solidarit\u00e9 (MDS), des&nbsp;aides&nbsp;financi\u00e8res exceptionnelles \u00ab&nbsp;\u00e9nergie&nbsp;\u00bb aux foyers sinistr\u00e9s dont la situation sociale est particuli\u00e8rement d\u00e9grad\u00e9e et qui font face \u00e0 des factures d\u2019\u00e9nergie&nbsp;cons\u00e9quentes.<\/p>\n\n\n\n<p>Ces&nbsp;aides&nbsp;s\u2019adressent aux m\u00e9nages qui ne peuvent b\u00e9n\u00e9ficier du Fonds de Solidarit\u00e9 Logement (FSL) dans son volet \u00ab&nbsp;Eau&nbsp;\u00e9nergie&nbsp;t\u00e9l\u00e9communication&nbsp;\u00bb.<\/p>\n\n\n\n<p>Si ce fonds a \u00e9t\u00e9 constitu\u00e9 gr\u00e2ce au partenariat \u00e9tabli avec EDF,&nbsp;<strong>il est \u00e0 noter que l\u2019aide&nbsp;concernera la totalit\u00e9 des fournisseurs d\u2019\u00e9nergie&nbsp;(non limitatif aux clients EDF).<\/strong><\/p>\n\n\n\n<p><strong>Les crit\u00e8res cumulatifs pour b\u00e9n\u00e9ficier de l\u2019aide&nbsp;sont les suivants<\/strong>&nbsp;:<\/p>\n\n\n\n<p>&#8211; disposer de revenus inf\u00e9rieurs \u00e0 1,7 x le SMIC, soit 2&nbsp;378 \u20ac net (pour les couples soit 3,4 fois le SMIC)&nbsp;;<\/p>\n\n\n\n<p>&#8211; justifier d\u2019une d\u00e9claration du sinistre aupr\u00e8s de l\u2019assurance&nbsp;;<\/p>\n\n\n\n<p>&#8211; justifier d\u2019une facture aupr\u00e8s de son fournisseur d\u2019\u00e9nergie&nbsp;d\u2019un montant sup\u00e9rieur \u00e0 400\u20ac, post\u00e9rieure \u00e0 novembre 2023 ;<\/p>\n\n\n\n<p>&#8211; ne pas \u00eatre \u00e9ligible au FSL dans son volet \u00ab&nbsp;eau&nbsp;\u00e9nergie&nbsp;t\u00e9l\u00e9communication&nbsp;\u00bb.<\/p>\n\n\n\n<p>L\u2019aide&nbsp;ne pourra \u00eatre sollicit\u00e9e qu\u2019une seule fois et sera d\u2019un montant forfaitaire de 400\u20ac et ce, dans la limite de l\u2019enveloppe financi\u00e8re accord\u00e9e par EDF&nbsp;<strong>soit \u00e0 hauteur de 125&nbsp;aides.<\/strong><\/p>\n\n\n\n<p><strong>Cette&nbsp;aide&nbsp;financi\u00e8re sera vers\u00e9e directement au fournisseur d\u2019\u00e9nergie, au b\u00e9n\u00e9fice du m\u00e9nage,&nbsp;<\/strong>pour le compte du&nbsp;D\u00e9partement, et par la Caisse d\u2019Allocation Familiale du Pas-de-Calais.<\/p>\n\n\n\n<p><em>Pour obtenir des informations compl\u00e9mentaires, vous pouvez contacter la MDS au 03 21 11 34 51.<\/em><\/p>\n\n\n\n<p>&#8212;&#8212;&#8212;&#8212;&#8212;&#8212;&#8212;&#8212;&#8212;&#8212;&#8212;&#8212;&#8212;&#8212;&#8212;&#8212;&#8212;&#8212;&#8212;&#8212;&#8212;&#8212;&#8212;&#8212;&#8212;&#8212;&#8212;&#8212;&#8212;&#8212;&#8212;&#8212;&#8212;&#8212;&#8212;&#8212;&#8212;&#8212;-<\/p>\n\n\n\n<p><strong><u>DEPARTEMENT DU PAS-DE-CALAIS &#8211; AIDE FINANCIERE POUR LES FOYES SINISTRES<\/u><\/strong><\/p>\n\n\n\n<p>Le D\u00e9partement du Pas-de-Calais souhaite accorder des aides des aides financi\u00e8res exceptionnelles aux foyers sinistr\u00e9s dont la situation sociale est particuli\u00e8rement d\u00e9grad\u00e9e.<\/p>\n\n\n\n<p>Ces aides viennent en compl\u00e9mentarit\u00e9 des aides financi\u00e8res et des accompagnements \u00ab&nbsp;classiques&nbsp;\u00bb mis en \u0153uvre par les Maisons du D\u00e9partement Solidarit\u00e9s.&nbsp;<\/p>\n\n\n\n<p>Les crit\u00e8res cumulatifs pour b\u00e9n\u00e9ficier de l\u2019aide sont les suivants :<br \/>&#8211; disposer de revenus inf\u00e9rieurs \u00e0 1,7 x le SMIC, soit 2&nbsp;378 \u20ac net (pour les couples moyenne des 2 salaires).<br \/>&#8211; ne pas \u00eatre \u00e9ligible \u00e0 une autre aide d\u2019urgence du D\u00e9partement ;<br \/>&#8211; justifier de difficult\u00e9s financi\u00e8res et sociales cons\u00e9cutives aux inondations ;<br \/>&#8211; \u00eatre en attente d\u2019une solution de relogement ou r\u00e9sider dans un habitat pr\u00e9caire.<\/p>\n\n\n\n<p><em>Pour obtenir des informations compl\u00e9mentaires, vous pouvez contacter le service local inclusion sociale et logement de votre MDS au 03 21 12 28 30.<\/em><\/p>\n\n\n\n<p>&#8212;&#8212;&#8212;&#8212;&#8212;&#8212;&#8212;&#8212;&#8212;&#8212;&#8212;&#8212;&#8212;&#8212;&#8212;&#8212;&#8212;&#8212;&#8212;&#8212;&#8212;&#8212;&#8212;&#8212;&#8212;&#8212;&#8212;&#8212;&#8212;&#8212;&#8212;&#8212;&#8212;&#8212;&#8212;&#8212;&#8212;&#8212;-<\/p>\n\n\n\n<p><strong><u>CAF &#8211; SOUTIEN FINANCIER DES FAMILLES ALLOCATAIRES<\/u><\/strong><\/p>\n\n\n\n<p>La CAF du Pas de Calais peut apporter son soutien aux <strong>familles allocataires<\/strong>, avec enfant \u00e0 charge qui ont fait face \u00e0 des dommages mat\u00e9riels lors des inondations et de la temp\u00eate. L\u2019aide sinistre de 500 \u20ac maximum est attribu\u00e9e sous conditions de ressources et n\u00e9cessite un rendez-vous avec un travailleur social de la CAF qui s\u2019assurera de l\u2019\u00e9ligibilit\u00e9 de la demande.<\/p>\n\n\n\n<p><em>Pour plus de renseignements, les familles doivent contacter le secr\u00e9tariat de l\u2019antenne de Saint-Omer au 03 21 98 52 66.<\/em><\/p>\n\n\n\n<p>&#8212;&#8212;&#8212;&#8212;&#8212;&#8212;&#8212;&#8212;&#8212;&#8212;&#8212;&#8212;&#8212;&#8212;&#8212;&#8212;&#8212;&#8212;&#8212;&#8212;&#8212;&#8212;&#8212;&#8212;&#8212;&#8212;&#8212;&#8212;&#8212;&#8212;&#8212;&#8212;&#8212;&#8212;&#8212;&#8212;&#8212;&#8212;-<\/p>\n\n\n\n<p><strong><u>AESIO &#8211; FONDS DE SOLIDARITE<\/u><\/strong><\/p>\n\n\n\n<p>Le Fonds de solidarit\u00e9 A\u00c9SIO mutuelle a enclench\u00e9 son dispositif de secours d\u2019urgence pour <strong>ses adh\u00e9rents<\/strong> ayant subi un sinistre sur leur habitation principale.<\/p>\n\n\n\n<p>Ces adh\u00e9rents r\u00e9sidant dans l\u2019une des 205 communes reconnues en \u00e9tat de catastrophe naturelle par l\u2019arr\u00eat\u00e9 du 14 novembre 2023 publi\u00e9 au JO du 15 novembre ayant subi un sinistre sur leur habitation principale peuvent b\u00e9n\u00e9ficier d\u2019une aide forfaitaire de 200 ou 600\u20ac (selon la gravit\u00e9 du sinistre).<\/p>\n\n\n\n<p><em>Pour plus de renseignements, contacter actionsociale@aesio.fr<\/em>.<\/p>\n\n\n\n<p>&#8212;&#8212;&#8212;&#8212;&#8212;&#8212;&#8212;&#8212;&#8212;&#8212;&#8212;&#8212;&#8212;&#8212;&#8212;&#8212;&#8212;&#8212;&#8212;&#8212;&#8212;&#8212;&#8212;&#8212;&#8212;&#8212;&#8212;&#8212;&#8212;&#8212;&#8212;&#8212;&#8212;&#8212;&#8212;&#8212;&#8212;&#8212;-<\/p>\n\n\n\n<p><strong><u>MALAKOFF HUMANIS &#8211; AIDE D&rsquo;URGENCE<\/u><\/strong><\/p>\n\n\n\n<p>En tant qu\u2019allocataire ou <strong>cotisant(e) de la retraite compl\u00e9mentaire Malakoff Humanis Agirc-Arrco<\/strong>, vous pouvez b\u00e9n\u00e9ficier des services Action sociale propos\u00e9s. Votre logement principal est sinistr\u00e9 et inhabitable, et vous r\u00e9sidez dans une commune o\u00f9 l\u2019\u00e9tat de catastrophe naturelle a \u00e9t\u00e9 reconnu ? Sachez qu\u2019une aide financi\u00e8re exceptionnelle d\u2019urgence* peut vous \u00eatre attribu\u00e9e pour vous aider \u00e0 faire face aux d\u00e9penses li\u00e9es aux d\u00e9g\u00e2ts mat\u00e9riels et\/ou psychologiques caus\u00e9s.<\/p>\n\n\n\n<p><em>Pour plus de renseignements, contacter Malakoff Humanis au 3996.<\/em><\/p>\n\n\n\n<p>&#8212;&#8212;&#8212;&#8212;&#8212;&#8212;&#8212;&#8212;&#8212;&#8212;&#8212;&#8212;&#8212;&#8212;&#8212;&#8212;&#8212;&#8212;&#8212;&#8212;&#8212;&#8212;&#8212;&#8212;&#8212;&#8212;&#8212;&#8212;&#8212;&#8212;&#8212;&#8212;&#8212;&#8212;&#8212;&#8212;&#8212;&#8212;-<\/p>\n\n\n\n<p><strong><\/strong><strong><u>ENEDIS \/ FOURNISSEUR D&rsquo;ELECTRICITE &#8211; PRISE EN CHARGE COUPURE DE COURANT <\/u><\/strong><\/p>\n\n\n\n<p>Dans le cas o\u00f9 vous auriez subi une coupure d\u2019\u00e9lectricit\u00e9 d\u2019une dur\u00e9e sup\u00e9rieure \u00e0 5 heures, vous b\u00e9n\u00e9ficiez du versement d\u2019une somme forfaitaire d\u00e9finie sur la base de la puissance souscrite par tranche de 5 heures cons\u00e9cutives de coupure d\u2019\u00e9lectricit\u00e9 (dans la limite de 40 tranches cons\u00e9cutives de 5 heures).<\/p>\n\n\n\n<p>Cette somme sera automatiquement vers\u00e9e par Enedis \u00e0 votre fournisseur d\u2019\u00e9lectricit\u00e9 qui la reportera sur une de vos factures d\u2019\u00e9lectricit\u00e9.<\/p>\n\n\n\n<p><em>Pour plus de renseignements, contactez votre fournisseur d&rsquo;\u00e9lectricit\u00e9.<\/em><\/p>\n\n\n\n<p>&#8212;&#8212;&#8212;&#8212;&#8212;&#8212;&#8212;&#8212;&#8212;&#8212;&#8212;&#8212;&#8212;&#8212;&#8212;&#8212;&#8212;&#8212;&#8212;&#8212;&#8212;&#8212;&#8212;&#8212;&#8212;&#8212;&#8212;&#8212;&#8212;&#8212;&#8212;&#8212;&#8212;&#8212;&#8212;&#8212;&#8212;&#8212;-<\/p>\n\n\n\n<p><strong><u>DEPARTEMENT&nbsp;DU PAS-DE-CALAIS \/ REGION HAUTS DE FRANCE  \u2013 PRISE EN CHARGE FRANCHISE<\/u><\/strong> <\/p>\n\n\n\n<p>De mani\u00e8re \u00e0 faciliter les d\u00e9marches des personnes dont l\u2019habitation a pu \u00eatre inond\u00e9e, le D\u00e9partement du Pas-de-Calais propose de prendre en charge la totalit\u00e9 des frais de franchise pour la r\u00e9sidence principale des habitants des communes d\u00e9clar\u00e9es en \u00e9tat de catastrophe naturelle, sans conditions de ressources (Premi\u00e8re d\u00e9claration de sinistre).<\/p>\n\n\n\n<p>Pour b\u00e9n\u00e9ficier de cette aide exceptionnelle de 380 euros, un formulaire \u00e0 renseigner en ligne a \u00e9t\u00e9 mis en place sur&nbsp;<a href=\"https:\/\/urgence.inondations.pasdecalais.fr\/\" target=\"_blank\" rel=\"noreferrer noopener\">https:\/\/urgence.inondations.pasdecalais.fr\/<\/a><\/p>\n\n\n\n<p><em>Pour plus de renseignements, rendez vous sur <a href=\"https:\/\/www.pasdecalais.fr\/Actualites\/Actualite-Conseil-departemental\/Inondations-prise-en-charge-de-la-franchise-d-assurance\" data-type=\"link\" data-id=\"https:\/\/www.pasdecalais.fr\/Actualites\/Actualite-Conseil-departemental\/Inondations-prise-en-charge-de-la-franchise-d-assurance\">le site internet<\/a> du D\u00e9partement ou contactez le 03 21 21 62 00.<\/em><\/p>\n\n\n\n<p>La deuxi\u00e8me franchise (deuxi\u00e8me d\u00e9claration de sinistre) sera prise en charge par l&rsquo;Etat et par l&rsquo;assureur (chacun 50%)<\/p>\n\n\n\n<p>&#8212;&#8212;&#8212;&#8212;&#8212;&#8212;&#8212;&#8212;&#8212;&#8212;&#8212;&#8212;&#8212;&#8212;&#8212;&#8212;&#8212;&#8212;&#8212;&#8212;&#8212;&#8212;&#8212;&#8212;&#8212;&#8212;&#8212;&#8212;&#8212;&#8212;&#8212;&#8212;&#8212;&#8212;&#8212;&#8212;&#8212;&#8212;-<\/p>\n\n\n\n<p><strong><u>AIDE CARSAT<\/u><\/strong><\/p>\n\n\n\n<p>La CARSAT a mis en place une aide financi\u00e8re pour ses adh\u00e9rents, vous trouverez ci-dessous le lien correspondant :&nbsp;<a href=\"https:\/\/carsat-hdf.fr\/acteurs-de-sante\/l-action-sociale-de-la-carsat\/etre-accompagne-en-cas-de-situation-inhabituelle\" target=\"_blank\" rel=\"noreferrer noopener\">https:\/\/carsat-hdf.fr\/acteurs-de-sante\/l-action-sociale-de-la-carsat\/etre-accompagne-en-cas-de-situation-inhabituelle<\/a><\/p>\n","protected":false},"excerpt":{"rendered":"<p>ACQUISITION &amp; PROTECTION DES HABITATIONS &#8212;&#8212;&#8212;&#8212;&#8212;&#8212;&#8212;&#8212;&#8212;&#8212;&#8212;&#8212;&#8212;&#8212;&#8212;&#8212;&#8212;&#8212;&#8212;&#8212;&#8212;&#8212;&#8212;&#8212;&#8212;&#8212;&#8212;&#8212;&#8212;&#8212;&#8212;&#8212;&#8212;&#8212;&#8212;&#8212;&#8212;&#8212;- DEPARTEMENT DU PAS-DE-CALAIS &#8211; AIDE ENERGIE Un partenariat entre le&nbsp;D\u00e9partement du Pas-de-Calais, la F\u00e9d\u00e9ration D\u00e9partementale d\u2019Energie&nbsp;(FDE) et Electricit\u00e9 de France (EDF) a permis la cr\u00e9ation d\u2019un fonds destin\u00e9 aux m\u00e9nages sinistr\u00e9s ayant d\u00fb faire face \u00e0 une&nbsp;surconsommation d\u2019\u00e9nergie&nbsp;caus\u00e9e par les inondations. Jean-Claude Leroy, Pr\u00e9sident du&nbsp;D\u00e9partement, a propos\u00e9 aux membres [&hellip;]<\/p>\n","protected":false},"author":1,"featured_media":0,"parent":0,"menu_order":0,"comment_status":"closed","ping_status":"closed","template":"","meta":{"footnotes":""},"class_list":["post-5907","page","type-page","status-publish"],"_links":{"self":[{"href":"http:\/\/www.clairmarais.net\/wordpress\/wp-json\/wp\/v2\/pages\/5907","targetHints":{"allow":["GET"]}}],"collection":[{"href":"http:\/\/www.clairmarais.net\/wordpress\/wp-json\/wp\/v2\/pages"}],"about":[{"href":"http:\/\/www.clairmarais.net\/wordpress\/wp-json\/wp\/v2\/types\/page"}],"author":[{"embeddable":true,"href":"http:\/\/www.clairmarais.net\/wordpress\/wp-json\/wp\/v2\/users\/1"}],"replies":[{"embeddable":true,"href":"http:\/\/www.clairmarais.net\/wordpress\/wp-json\/wp\/v2\/comments?post=5907"}],"version-history":[{"count":13,"href":"http:\/\/www.clairmarais.net\/wordpress\/wp-json\/wp\/v2\/pages\/5907\/revisions"}],"predecessor-version":[{"id":6461,"href":"http:\/\/www.clairmarais.net\/wordpress\/wp-json\/wp\/v2\/pages\/5907\/revisions\/6461"}],"wp:attachment":[{"href":"http:\/\/www.clairmarais.net\/wordpress\/wp-json\/wp\/v2\/media?parent=5907"}],"curies":[{"name":"wp","href":"https:\/\/api.w.org\/{rel}","templated":true}]}}